{"id":4527,"date":"2026-03-04T12:09:10","date_gmt":"2026-03-04T10:09:10","guid":{"rendered":"https:\/\/previs.previewlink.ch\/?page_id=4527"},"modified":"2026-04-01T15:42:52","modified_gmt":"2026-04-01T13:42:52","slug":"funktionsportraits","status":"publish","type":"page","link":"https:\/\/www.previs.ch\/ueber-uns\/bei-der-previs-arbeiten\/funktionsportraits\/","title":{"rendered":"Funktionsportraits"},"content":{"rendered":"","protected":false},"excerpt":{"rendered":"","protected":false},"author":3,"featured_media":0,"parent":1327,"menu_order":0,"comment_status":"closed","ping_status":"closed","template":"","meta":{"_acf_changed":false,"footnotes":""},"class_list":["post-4527","page","type-page","status-publish","hentry"],"yoast_head":"<!-- This site is optimized with the Yoast SEO plugin v27.3 - https:\/\/yoast.com\/product\/yoast-seo-wordpress\/ -->\n<title>Funktionsportraits | Karrierechancen bei der Previs Vorsorge<\/title>\n<meta name=\"description\" content=\"Lernen Sie unsere Funktionen kennen und erfahren Sie mehr \u00fcber die spannenden T\u00e4tigkeitsfelder bei der Previs.\" \/>\n<meta name=\"robots\" content=\"index, follow, max-snippet:-1, max-image-preview:large, max-video-preview:-1\" \/>\n<link rel=\"canonical\" href=\"https:\/\/www.previs.ch\/ueber-uns\/bei-der-previs-arbeiten\/funktionsportraits\/\" \/>\n<meta property=\"og:locale\" content=\"de_DE\" \/>\n<meta property=\"og:type\" content=\"article\" \/>\n<meta property=\"og:title\" content=\"Funktionsportraits | Karrierechancen bei der Previs Vorsorge\" \/>\n<meta property=\"og:description\" content=\"Lernen Sie unsere Funktionen kennen und erfahren Sie mehr \u00fcber die spannenden T\u00e4tigkeitsfelder bei der Previs.\" \/>\n<meta property=\"og:url\" content=\"https:\/\/www.previs.ch\/ueber-uns\/bei-der-previs-arbeiten\/funktionsportraits\/\" \/>\n<meta property=\"og:site_name\" content=\"Previs Vorsorge\" \/>\n<meta property=\"article:modified_time\" content=\"2026-04-01T13:42:52+00:00\" \/>\n<meta property=\"og:image\" content=\"https:\/\/www.previs.ch\/wp-content\/uploads\/2024\/09\/vorsorge-home-m-scaled.jpg\" \/>\n\t<meta property=\"og:image:width\" content=\"2560\" \/>\n\t<meta property=\"og:image:height\" content=\"860\" \/>\n\t<meta property=\"og:image:type\" content=\"image\/jpeg\" \/>\n<meta name=\"twitter:card\" content=\"summary_large_image\" \/>\n<meta name=\"twitter:label1\" content=\"Gesch\u00e4tzte Lesezeit\" \/>\n\t<meta name=\"twitter:data1\" content=\"5\u00a0Minuten\" \/>\n<script type=\"application\/ld+json\" class=\"yoast-schema-graph\">{\"@context\":\"https:\\\/\\\/schema.org\",\"@graph\":[{\"@type\":\"WebPage\",\"@id\":\"https:\\\/\\\/www.previs.ch\\\/ueber-uns\\\/bei-der-previs-arbeiten\\\/funktionsportraits\\\/\",\"url\":\"https:\\\/\\\/www.previs.ch\\\/ueber-uns\\\/bei-der-previs-arbeiten\\\/funktionsportraits\\\/\",\"name\":\"Funktionsportraits | Karrierechancen bei der Previs Vorsorge\",\"isPartOf\":{\"@id\":\"https:\\\/\\\/www.previs.ch\\\/#website\"},\"datePublished\":\"2026-03-04T10:09:10+00:00\",\"dateModified\":\"2026-04-01T13:42:52+00:00\",\"description\":\"Lernen Sie unsere Funktionen kennen und erfahren Sie mehr \u00fcber die spannenden T\u00e4tigkeitsfelder bei der Previs.\",\"breadcrumb\":{\"@id\":\"https:\\\/\\\/www.previs.ch\\\/ueber-uns\\\/bei-der-previs-arbeiten\\\/funktionsportraits\\\/#breadcrumb\"},\"inLanguage\":\"de-CH\",\"potentialAction\":[{\"@type\":\"ReadAction\",\"target\":[\"https:\\\/\\\/www.previs.ch\\\/ueber-uns\\\/bei-der-previs-arbeiten\\\/funktionsportraits\\\/\"]}]},{\"@type\":\"BreadcrumbList\",\"@id\":\"https:\\\/\\\/www.previs.ch\\\/ueber-uns\\\/bei-der-previs-arbeiten\\\/funktionsportraits\\\/#breadcrumb\",\"itemListElement\":[{\"@type\":\"ListItem\",\"position\":1,\"name\":\"Home\",\"item\":\"https:\\\/\\\/www.previs.ch\\\/\"},{\"@type\":\"ListItem\",\"position\":2,\"name\":\"\u00dcber uns\",\"item\":\"https:\\\/\\\/www.previs.ch\\\/ueber-uns\\\/\"},{\"@type\":\"ListItem\",\"position\":3,\"name\":\"Bei der Previs arbeiten\",\"item\":\"https:\\\/\\\/www.previs.ch\\\/ueber-uns\\\/bei-der-previs-arbeiten\\\/\"},{\"@type\":\"ListItem\",\"position\":4,\"name\":\"Funktionsportraits\"}]},{\"@type\":\"WebSite\",\"@id\":\"https:\\\/\\\/www.previs.ch\\\/#website\",\"url\":\"https:\\\/\\\/www.previs.ch\\\/\",\"name\":\"Previs Vorsorge\",\"description\":\"Wo Transparenz Vertrauen schafft\",\"publisher\":{\"@id\":\"https:\\\/\\\/www.previs.ch\\\/#organization\"},\"alternateName\":\"Previs\",\"potentialAction\":[{\"@type\":\"SearchAction\",\"target\":{\"@type\":\"EntryPoint\",\"urlTemplate\":\"https:\\\/\\\/www.previs.ch\\\/?s={search_term_string}\"},\"query-input\":{\"@type\":\"PropertyValueSpecification\",\"valueRequired\":true,\"valueName\":\"search_term_string\"}}],\"inLanguage\":\"de-CH\"},{\"@type\":\"Organization\",\"@id\":\"https:\\\/\\\/www.previs.ch\\\/#organization\",\"name\":\"Previs Vorsorge\",\"alternateName\":\"Previs\",\"url\":\"https:\\\/\\\/www.previs.ch\\\/\",\"logo\":{\"@type\":\"ImageObject\",\"inLanguage\":\"de-CH\",\"@id\":\"https:\\\/\\\/www.previs.ch\\\/#\\\/schema\\\/logo\\\/image\\\/\",\"url\":\"https:\\\/\\\/www.previs.ch\\\/wp-content\\\/uploads\\\/2024\\\/07\\\/cropped-previs-vorsorge-favicon.png\",\"contentUrl\":\"https:\\\/\\\/www.previs.ch\\\/wp-content\\\/uploads\\\/2024\\\/07\\\/cropped-previs-vorsorge-favicon.png\",\"width\":512,\"height\":512,\"caption\":\"Previs Vorsorge\"},\"image\":{\"@id\":\"https:\\\/\\\/www.previs.ch\\\/#\\\/schema\\\/logo\\\/image\\\/\"},\"sameAs\":[\"https:\\\/\\\/www.linkedin.com\\\/company\\\/previsvorsorge\\\/\"]}]}<\/script>\n<!-- \/ Yoast SEO plugin. -->","yoast_head_json":{"title":"Funktionsportraits | Karrierechancen bei der Previs Vorsorge","description":"Lernen Sie unsere Funktionen kennen und erfahren Sie mehr \u00fcber die spannenden T\u00e4tigkeitsfelder bei der Previs.","robots":{"index":"index","follow":"follow","max-snippet":"max-snippet:-1","max-image-preview":"max-image-preview:large","max-video-preview":"max-video-preview:-1"},"canonical":"https:\/\/www.previs.ch\/ueber-uns\/bei-der-previs-arbeiten\/funktionsportraits\/","og_locale":"de_DE","og_type":"article","og_title":"Funktionsportraits | Karrierechancen bei der Previs Vorsorge","og_description":"Lernen Sie unsere Funktionen kennen und erfahren Sie mehr \u00fcber die spannenden T\u00e4tigkeitsfelder bei der Previs.","og_url":"https:\/\/www.previs.ch\/ueber-uns\/bei-der-previs-arbeiten\/funktionsportraits\/","og_site_name":"Previs Vorsorge","article_modified_time":"2026-04-01T13:42:52+00:00","og_image":[{"width":2560,"height":860,"url":"https:\/\/www.previs.ch\/wp-content\/uploads\/2024\/09\/vorsorge-home-m-scaled.jpg","type":"image\/jpeg"}],"twitter_card":"summary_large_image","twitter_misc":{"Gesch\u00e4tzte Lesezeit":"5\u00a0Minuten"},"schema":{"@context":"https:\/\/schema.org","@graph":[{"@type":"WebPage","@id":"https:\/\/www.previs.ch\/ueber-uns\/bei-der-previs-arbeiten\/funktionsportraits\/","url":"https:\/\/www.previs.ch\/ueber-uns\/bei-der-previs-arbeiten\/funktionsportraits\/","name":"Funktionsportraits | Karrierechancen bei der Previs Vorsorge","isPartOf":{"@id":"https:\/\/www.previs.ch\/#website"},"datePublished":"2026-03-04T10:09:10+00:00","dateModified":"2026-04-01T13:42:52+00:00","description":"Lernen Sie unsere Funktionen kennen und erfahren Sie mehr \u00fcber die spannenden T\u00e4tigkeitsfelder bei der Previs.","breadcrumb":{"@id":"https:\/\/www.previs.ch\/ueber-uns\/bei-der-previs-arbeiten\/funktionsportraits\/#breadcrumb"},"inLanguage":"de-CH","potentialAction":[{"@type":"ReadAction","target":["https:\/\/www.previs.ch\/ueber-uns\/bei-der-previs-arbeiten\/funktionsportraits\/"]}]},{"@type":"BreadcrumbList","@id":"https:\/\/www.previs.ch\/ueber-uns\/bei-der-previs-arbeiten\/funktionsportraits\/#breadcrumb","itemListElement":[{"@type":"ListItem","position":1,"name":"Home","item":"https:\/\/www.previs.ch\/"},{"@type":"ListItem","position":2,"name":"\u00dcber uns","item":"https:\/\/www.previs.ch\/ueber-uns\/"},{"@type":"ListItem","position":3,"name":"Bei der Previs arbeiten","item":"https:\/\/www.previs.ch\/ueber-uns\/bei-der-previs-arbeiten\/"},{"@type":"ListItem","position":4,"name":"Funktionsportraits"}]},{"@type":"WebSite","@id":"https:\/\/www.previs.ch\/#website","url":"https:\/\/www.previs.ch\/","name":"Previs Vorsorge","description":"Wo Transparenz Vertrauen schafft","publisher":{"@id":"https:\/\/www.previs.ch\/#organization"},"alternateName":"Previs","potentialAction":[{"@type":"SearchAction","target":{"@type":"EntryPoint","urlTemplate":"https:\/\/www.previs.ch\/?s={search_term_string}"},"query-input":{"@type":"PropertyValueSpecification","valueRequired":true,"valueName":"search_term_string"}}],"inLanguage":"de-CH"},{"@type":"Organization","@id":"https:\/\/www.previs.ch\/#organization","name":"Previs Vorsorge","alternateName":"Previs","url":"https:\/\/www.previs.ch\/","logo":{"@type":"ImageObject","inLanguage":"de-CH","@id":"https:\/\/www.previs.ch\/#\/schema\/logo\/image\/","url":"https:\/\/www.previs.ch\/wp-content\/uploads\/2024\/07\/cropped-previs-vorsorge-favicon.png","contentUrl":"https:\/\/www.previs.ch\/wp-content\/uploads\/2024\/07\/cropped-previs-vorsorge-favicon.png","width":512,"height":512,"caption":"Previs Vorsorge"},"image":{"@id":"https:\/\/www.previs.ch\/#\/schema\/logo\/image\/"},"sameAs":["https:\/\/www.linkedin.com\/company\/previsvorsorge\/"]}]}},"acf":{"page_banner_options":{"banner_type":"simple"},"hero_options":{"image_desktop":null,"image_tablet":null,"image_mobile":null,"hero_title":"","hero_style":"hero-light","hero_bg_anchor":"center","brand_icon":"noicon"},"slider_options":{"options":{"bgcolor":"","slider_style":"slider-light","brand_icon":"noicon","autoplay":false,"timeout":5000,"pause":false},"slider":null},"image_options":{"options":{"bgcolor":"","flip":false},"details":{"title":"","description":"","buttons":null},"image":null},"simple_options":{"title":"Funktionsportraits","title_type":"h1","color_title":"#ffffff","bgcolor":"#fef1dc","description":""},"sections":[{"acf_fc_layout":"section-flexible-content","status":false,"section_id":"","bgsection":"","padding":"both","add_toc":false,"content":[{"acf_fc_layout":"element-title","status":false,"element_id":"","title":"Vielf\u00e4ltige Aufgabengebiete","title_type":"h2"},{"acf_fc_layout":"element-text","status":false,"group":null,"text_size":"normal","text":"Previs Vorsorge und Previs Immobilien - zwei Bereiche mit breit gef\u00e4cherten Aufgabengebieten. Erfahre mehr \u00fcber die unterschiedlichen Funktionen."},{"acf_fc_layout":"element-spacer","status":false,"group":null,"space_size":"nm"},{"acf_fc_layout":"element-accordion","status":false,"accordion":[{"element_id":"unternehmensberatung","title":"Unternehmensberater\/-in Berufliche Vorsorge","content":[{"acf_fc_layout":"acc-image","image":4857,"activate_lightbox":false,"caption":"Fabian Vogel, Unternehmensberater Berufliche Vorsorge"},{"acf_fc_layout":"acc-text","text":"Ich berate bestehende und akquiriere neue Kundinnen und Kunden in verschiedenen Gebieten der Schweiz. Ebenso bin ich zust\u00e4ndig f\u00fcr den Ausbau und die Weiterentwicklung des Vertriebs \u00fcber die Broker. In Zusammenarbeit mit dem Kundenservice erarbeite ich kundenspezifische Vorsorgekonzepte und Offerten."}]},{"element_id":"kundenbetreuung","title":"Kundenbetreuer\/-in Berufliche Vorsorge","content":[{"acf_fc_layout":"acc-image","image":9810,"activate_lightbox":false,"caption":"Andrea Blaser, Kundenbetreuerin"},{"acf_fc_layout":"acc-text","text":"Als Kundenbetreuerin in einem unserer drei Vorsorgeteams betreue ich gemeinsam mit meinen Kolleginnen und Kollegen einen definierten Kundenpool. Wir stehen Arbeitgebenden, Versicherten und Rentenbeziehenden als erste Ansprechperson bei ihren Anliegen zur Seite. Ich bearbeite s\u00e4mtliche Vorsorgef\u00e4lle f\u00fcr aktiv Versicherte, wie WEF, Scheidung oder Pensionierungsberechnungen selbst\u00e4ndig. und pr\u00fcfe bei Arbeitsunf\u00e4higkeiten in enger Zusammenarbeit mit dem R\u00fcckversicherer dessen Leistungspflicht. Ebenso umfasst mein breites Aufgabegebiet Leistungsf\u00e4lle, welche Rentner\/-innen sowie Invalidit\u00e4t oder Todesfall betreffen. Je nach Interesse oder F\u00e4higkeiten \u00fcbernehme ich zus\u00e4tzliche Spezialaufgaben oder engagiere ich mich in bereichsinternen sowie bereichs\u00fcbergreifenden Projekten \u2013 beispielsweise bei Kundenseminaren (z.B. zur Pensionierung oder f\u00fcr HR-Abteilungen von Arbeitgebenden) oder ich helfe mit, neue Kolleginnen und Kollegen einzuarbeiten."}]},{"element_id":"projekte","title":"Teamleiterin Vorsorge | Mitglied des Kaders","content":[{"acf_fc_layout":"acc-image","image":4860,"activate_lightbox":false,"caption":"Aspasia Graf, Teamleiterin Vorsorge | Mitglied des Kaders"},{"acf_fc_layout":"acc-text","text":"Als Teamleiterin im Bereich Vorsorge \u00fcbernehme ich die personelle und organisatorische F\u00fchrung eines engagierten Teams von Kundenbetreuenden sowie einer Fachleitung.\r\n\r\nMeine Aufgaben sind vielf\u00e4ltig: Einerseits bin ich gemeinsam mit meinem Team f\u00fcr einen Kundenpool verantwortlich und bearbeite s\u00e4mtliche Vorsorgef\u00e4lle im Bereich aktiv Versicherte sowie rentenbeziehende Personen. Andererseits bin ich aktiv in der Planung sowie Umsetzung der Jahresendverarbeitung beteiligt und stelle als Ansprechpartnerin f\u00fcr die Revision in Bezug auf Verwaltungsprozesse und Dossiers sicher, dass die entsprechenden Anforderungen erf\u00fcllt werden.\r\n\r\nIm Rahmen von Spezialaufgaben \u00fcbernehme ich und meine Kolleginnen und Kollegen aus der Team- und Fachleitung jeweils den Lead f\u00fcr einzelne Schwerpunktthemen aus dem Kompetenzzentrum \u2013 etwa die Konzeption und Durchf\u00fchrung von Schulung\/Weiterbildung, unser Versichertenverwaltungs-Tool MSPension, das Vorsorgereglement, die Interaktion mit den Schnittstellen oder anderen Bereichen, Dienstleistungen und Seminare oder Batchprozesse. Meine pers\u00f6nliche Spezialaufgabe ist die Weiterf\u00fchrung der Arbeiten aus der Umstellung auf das Versichertenverwaltungs-Tool MSPension, wo ich mein Fachwissen seit Beginn des Projekts einbringe und Ansprechpartnerin f\u00fcr alle in- und externen Beteiligten bin."}]},{"element_id":"portfolio_management_finanzanlagen","title":"Portfoliomanager\/-in Finanzanlagen","content":[{"acf_fc_layout":"acc-image","image":4845,"activate_lightbox":false,"caption":"Dominik H\u00f6lz, Portfoliomanager Finanzanlagen"},{"acf_fc_layout":"acc-text","text":"Ich bewirtschafte selbstst\u00e4ndig die Wertschriften der Previs, \u00fcberwache regelm\u00e4ssig bestehende Kollektivanlagen und f\u00fchre direkt Handelsaktivit\u00e4ten durch. Zudem erstelle ich Reportings zuhanden der Gesch\u00e4ftsleitung, des Anlageausschusses und des Stiftungsrates. Ebenfalls sind das Pr\u00fcfen und die Weiterentwicklung von Anlagemodellen ein Teil meiner Aufgaben."}]},{"element_id":"portfolio_management_immobilien","title":"Portfolio Manager\/-in Immobilien","content":[{"acf_fc_layout":"acc-image","image":15357,"activate_lightbox":false,"caption":"Adrian Haueter, Portfolio Manager Immobilien"},{"acf_fc_layout":"acc-text","text":"Als Portfolio Manager Immobilien erstellen und bearbeiten wir im Team Datengrundlagen sowie Werkzeuge f\u00fcr die Portfoliosteuerung basierend auf Kennzahlen wie z. B. Ertrags-, Zustands-, Rendite\/Risikoanalysen. Ich f\u00fchre Immobilienbewertungen durch und bereite Entscheidungsgrundlagen sowie Massnahmenpl\u00e4ne f\u00fcr die Optimierung des bestehenden Immobilienportfolios auf. Die Abwicklung von Kauf-\/Verkaufstransaktionen, von der due diligence bis zum Vertragsabschluss, geh\u00f6ren ebenso zu meinen Aufgaben wie das Controlling inklusive Reporting z. H. der Gesch\u00e4ftsleitung, des Anlageausschusses und des Stiftungsrates."}]},{"element_id":"bewirtschaftung","title":"Immobilienbewirtschafter\/-in","content":[{"acf_fc_layout":"acc-image","image":4836,"activate_lightbox":false,"caption":" Fabienne Affolter, Immobilienbewirtschafterin"},{"acf_fc_layout":"acc-text","text":"Als Eigent\u00fcmervertreterin \u2013 s\u00e4mtliche Liegenschaften sind im Besitz der Previs \u2013 bin ich f\u00fcr gut betreute Mieter\/-innen und marktkonforme Renditen verantwortlich. Ich kann dank angemessener Umsetzungskompetenzen rasch und unb\u00fcrokratisch handeln. Administrative Unterst\u00fctzung erhalte ich durch eine\/-n fachkompetente\/-n Assistenten\/-in."}]},{"element_id":"projektleitung_immobilien","title":"Projektleiter\/-in Immobilien","content":[{"acf_fc_layout":"acc-image","image":4839,"activate_lightbox":false,"caption":"Igor Di Zio, Projektleiter Immobilien"},{"acf_fc_layout":"acc-text","text":"Als Eigent\u00fcmer- bzw. Bauherrenvertreter plane, f\u00fchre und koordiniere ich interessante Neubau-, Entwicklungs- und Sanierungsprojekte. Dabei verhandle ich selbst\u00e4ndig mit externen Partnern und stelle sicher das Kosten, Termine und Qualit\u00e4t eingehalten werden. Nach Projektabschluss bin ich ebenfalls f\u00fcr die Erstellung der korrekten Nachkalkulationen verantwortlich. Intern sind f\u00fcr mich die Schnittstellen zur Bewirtschaftung, Vermarktung sowie dem Portfolio Management besonders wichtig."}]},{"element_id":"buchhaltung","title":"Finanz- und Immobilienbuchhalter\/-in","content":[{"acf_fc_layout":"acc-image","image":4848,"activate_lightbox":false,"caption":"Sabrina K\u00e4stli, Finanz- und Immobilienbuchhalterin"},{"acf_fc_layout":"acc-text","text":"Ich f\u00fchre selbst\u00e4ndig Liegenschaftsbuchhaltungen und erstelle Heiz- und Nebenkostenabrechnungen in enger Zusammenarbeit mit den Immobilienbewirtschafter\/-innen. Ebenso arbeite ich in der Finanz- und Kreditorenbuchhaltung mit und unterst\u00fctze bei den Jahres- und Zwischenabschl\u00fcssen sowie im Budgetprozess."}]},{"element_id":"vermarktung","title":"Immobilienvermarkter\/-in","content":[{"acf_fc_layout":"acc-image","image":4854,"activate_lightbox":false,"caption":"Stefanie Schneuwly, Immobilienvermarkterin"},{"acf_fc_layout":"acc-text","text":"Als Immobilienvermarkterin bin ich f\u00fcr Erstvermietungsobjekte bei der Ausf\u00fchrung von s\u00e4mtlichen Vermarktungst\u00e4tigkeiten zust\u00e4ndig (Analyse, Konzeption, Planung, Umsetzung) und entwickle Strategien, Werbemittel sowie Vermarktungskonzepte. F\u00fcr deren Umsetzung bin ich innerhalb des vorgegebenen Budgets mitverantwortlich und helfe aktiv bei der erfolgreichen Platzierung unserer Mietobjekte am Markt mit. Dabei organisiere ich Besichtigungen und betreue Mietinteressenten bis zum Vertragsabschluss. Bei ausserkantonalen Bauprojekten arbeite ich intensiv mit externen Vermarktern\/-innen vor Ort zusammen und koordiniere die gesamten Aktivit\u00e4ten."}]}]}]},{"acf_fc_layout":"section-cta","status":false,"section_id":"","bgsection":"","padding":"none","type":"cta-compact","style":"cta-blue","flip":false,"title":"Ein engagiertes Team","title_type":"h2","image":null,"video":"","media_type":"image","text":"<p class=\"cta-title\">Unsere rund 90 Mitarbeitende haben die Bed\u00fcrfnisse unserer Kundinnen und Kunden im Blick. Lerne das Team kennen.<\/p>","buttons":[{"text":"Zum Team","type":"internal","style":"btn-white","link":683,"anchor":"","url":""}]},{"acf_fc_layout":"section-related-pages","status":false,"section_id":"","bgsection":"","padding":"both","title":"Das k\u00f6nnte dich auch interessieren","title_type":"h2","text":"","pages":[{"page":1327},{"page":846},{"page":1629}]}]},"publishpress_future_action":{"enabled":false,"date":"2026-05-09 14:27:31","action":"change-status","newStatus":"draft","terms":[],"taxonomy":"translation_priority","extraData":[]},"publishpress_future_workflow_manual_trigger":{"enabledWorkflows":[]},"_links":{"self":[{"href":"https:\/\/www.previs.ch\/api\/wp\/v2\/pages\/4527","targetHints":{"allow":["GET"]}}],"collection":[{"href":"https:\/\/www.previs.ch\/api\/wp\/v2\/pages"}],"about":[{"href":"https:\/\/www.previs.ch\/api\/wp\/v2\/types\/page"}],"author":[{"embeddable":true,"href":"https:\/\/www.previs.ch\/api\/wp\/v2\/users\/3"}],"replies":[{"embeddable":true,"href":"https:\/\/www.previs.ch\/api\/wp\/v2\/comments?post=4527"}],"version-history":[{"count":43,"href":"https:\/\/www.previs.ch\/api\/wp\/v2\/pages\/4527\/revisions"}],"predecessor-version":[{"id":15360,"href":"https:\/\/www.previs.ch\/api\/wp\/v2\/pages\/4527\/revisions\/15360"}],"up":[{"embeddable":true,"href":"https:\/\/www.previs.ch\/api\/wp\/v2\/pages\/1327"}],"wp:attachment":[{"href":"https:\/\/www.previs.ch\/api\/wp\/v2\/media?parent=4527"}],"curies":[{"name":"wp","href":"https:\/\/api.w.org\/{rel}","templated":true}]}}