{"id":535,"date":"2024-08-02T15:41:54","date_gmt":"2024-08-02T13:41:54","guid":{"rendered":"https:\/\/previs.ch\/?page_id=535"},"modified":"2026-01-28T10:26:33","modified_gmt":"2026-01-28T08:26:33","slug":"anlaesse-und-seminare","status":"publish","type":"page","link":"https:\/\/www.previs.ch\/vorsorge\/fuer-arbeitgebende\/anlaesse-und-seminare\/","title":{"rendered":"Anl\u00e4sse und Seminare"},"content":{"rendered":"","protected":false},"excerpt":{"rendered":"","protected":false},"author":1,"featured_media":4156,"parent":594,"menu_order":0,"comment_status":"closed","ping_status":"closed","template":"","meta":{"_acf_changed":false,"footnotes":""},"class_list":["post-535","page","type-page","status-publish","has-post-thumbnail","hentry"],"yoast_head":"<!-- This site is optimized with the Yoast SEO plugin v27.3 - https:\/\/yoast.com\/product\/yoast-seo-wordpress\/ -->\n<title>Anl\u00e4sse und Seminare f\u00fcr Arbeitgebende | Previs Vorsorge<\/title>\n<meta name=\"description\" content=\"Nehmen Sie an unseren Seminaren und Anl\u00e4ssen teil. Erhalten Sie wertvolle Informationen rund um Vorsorge und betriebliche Absicherung.\" \/>\n<meta name=\"robots\" content=\"index, follow, max-snippet:-1, max-image-preview:large, max-video-preview:-1\" \/>\n<link rel=\"canonical\" href=\"https:\/\/www.previs.ch\/vorsorge\/fuer-arbeitgebende\/anlaesse-und-seminare\/\" \/>\n<meta property=\"og:locale\" content=\"de_DE\" \/>\n<meta property=\"og:type\" content=\"article\" \/>\n<meta property=\"og:title\" content=\"Anl\u00e4sse und Seminare f\u00fcr Arbeitgebende | Previs Vorsorge\" \/>\n<meta property=\"og:description\" content=\"Nehmen Sie an unseren Seminaren und Anl\u00e4ssen teil. Erhalten Sie wertvolle Informationen rund um Vorsorge und betriebliche Absicherung.\" \/>\n<meta property=\"og:url\" content=\"https:\/\/www.previs.ch\/vorsorge\/fuer-arbeitgebende\/anlaesse-und-seminare\/\" \/>\n<meta property=\"og:site_name\" content=\"Previs Vorsorge\" \/>\n<meta property=\"article:modified_time\" content=\"2026-01-28T08:26:33+00:00\" \/>\n<meta property=\"og:image\" content=\"https:\/\/www.previs.ch\/wp-content\/uploads\/2024\/09\/Header_Seminare_iStock-1398091504_kasto80-scaled.jpg\" \/>\n\t<meta property=\"og:image:width\" content=\"2560\" \/>\n\t<meta property=\"og:image:height\" content=\"1707\" \/>\n\t<meta property=\"og:image:type\" content=\"image\/jpeg\" \/>\n<meta name=\"twitter:card\" content=\"summary_large_image\" \/>\n<meta name=\"twitter:label1\" content=\"Gesch\u00e4tzte Lesezeit\" \/>\n\t<meta name=\"twitter:data1\" content=\"3\u00a0Minuten\" \/>\n<script type=\"application\/ld+json\" class=\"yoast-schema-graph\">{\"@context\":\"https:\\\/\\\/schema.org\",\"@graph\":[{\"@type\":\"WebPage\",\"@id\":\"https:\\\/\\\/www.previs.ch\\\/vorsorge\\\/fuer-arbeitgebende\\\/anlaesse-und-seminare\\\/\",\"url\":\"https:\\\/\\\/www.previs.ch\\\/vorsorge\\\/fuer-arbeitgebende\\\/anlaesse-und-seminare\\\/\",\"name\":\"Anl\u00e4sse und Seminare f\u00fcr Arbeitgebende | Previs Vorsorge\",\"isPartOf\":{\"@id\":\"https:\\\/\\\/www.previs.ch\\\/#website\"},\"primaryImageOfPage\":{\"@id\":\"https:\\\/\\\/www.previs.ch\\\/vorsorge\\\/fuer-arbeitgebende\\\/anlaesse-und-seminare\\\/#primaryimage\"},\"image\":{\"@id\":\"https:\\\/\\\/www.previs.ch\\\/vorsorge\\\/fuer-arbeitgebende\\\/anlaesse-und-seminare\\\/#primaryimage\"},\"thumbnailUrl\":\"https:\\\/\\\/www.previs.ch\\\/wp-content\\\/uploads\\\/2024\\\/09\\\/Header_Seminare_iStock-1398091504_kasto80-scaled.jpg\",\"datePublished\":\"2024-08-02T13:41:54+00:00\",\"dateModified\":\"2026-01-28T08:26:33+00:00\",\"description\":\"Nehmen Sie an unseren Seminaren und Anl\u00e4ssen teil. Erhalten Sie wertvolle Informationen rund um Vorsorge und betriebliche Absicherung.\",\"breadcrumb\":{\"@id\":\"https:\\\/\\\/www.previs.ch\\\/vorsorge\\\/fuer-arbeitgebende\\\/anlaesse-und-seminare\\\/#breadcrumb\"},\"inLanguage\":\"de-CH\",\"potentialAction\":[{\"@type\":\"ReadAction\",\"target\":[\"https:\\\/\\\/www.previs.ch\\\/vorsorge\\\/fuer-arbeitgebende\\\/anlaesse-und-seminare\\\/\"]}]},{\"@type\":\"ImageObject\",\"inLanguage\":\"de-CH\",\"@id\":\"https:\\\/\\\/www.previs.ch\\\/vorsorge\\\/fuer-arbeitgebende\\\/anlaesse-und-seminare\\\/#primaryimage\",\"url\":\"https:\\\/\\\/www.previs.ch\\\/wp-content\\\/uploads\\\/2024\\\/09\\\/Header_Seminare_iStock-1398091504_kasto80-scaled.jpg\",\"contentUrl\":\"https:\\\/\\\/www.previs.ch\\\/wp-content\\\/uploads\\\/2024\\\/09\\\/Header_Seminare_iStock-1398091504_kasto80-scaled.jpg\",\"width\":2560,\"height\":1707,\"caption\":\"Male speaker giving presentation in lecture hall at university workshop. Audience in conference hall. Rear view of unrecognized participant in audience. Scientific conference event. SSUCv3H4sIAAAAAAAACoxXyY7jNhC9B8g\\\/GDq3AZLacw1yHGCAIKdBDhRF24QpUuDi6Uaj\\\/z0l2bK5KEhuVrH2enwsf\\\/76y+FQDNQKVvx2+Fy+4FtI6a0z1AmtQIzeHnLD1chNKLmZskGhgI\\\/CaSOoDIUDdeyi6MRBqLyUi\\\/hrPSyso85bboPoNULzO3yXmznzjlHr1shPIZXyRs8aRHgTnbTTUtBQaxbvjoY6jKrbIiBtkASjjp8h6yiNrSk\\\/7t+H7eDhxsFR8cfo2b1Lb8Gh9cNy+Ce7aC3fDr9rKfmZvx3+UuLGjRXu48AdKzaLexL\\\/EuE717Pke+6\\\/Ccu4lFRx7e3L2f3H3882nbliH6+yFvuLd9BM6zS7hvXBUfX0szkA4Wg4nawT6\\\/hCbdyhKLHoYzl8Orv\\\/+Apabrjk9D73H\\\/dYxfUnZDWFI5CcOW+isEVP6pa8IhUNIXVdJFUP3grF7er9pYmqHqeaTKsTB1yzOArBBLUYB3HajpAutbYzp9cVly9TjPoeRRm2NSkzSz4JRc1OaYkiv3HlkjpQk9XxU5urveg50WxIpumojMZeNF3XZlr8iey0hVXUFNyi1HTi3Al1jg3rrivDnkBmmaH9mGZthZ92R5EPbulMmuH\\\/HBxYn00KkApVqCkzMM3UOMHETJWL9XFZkiqb7NloH4+hb6o+KxboVai0TdDPJst1NvoEqUKlK6sGTcV1WeWVUXbJ\\\/LYEZ5oDEN4p1dzHoHKGz3BLuI8R2xEEjnMEUAW8Y9JkcdYryujIp49EsarbVPFEmZcuVWzKJsTUnqFQwFzOu4REWlL3qap\\\/0nMchqCujcIsYbMZcQtdym9MV1ZtltTsBxm\\\/LQtG2nzyd\\\/JPLj\\\/KJmmdH9PedCjqDdzczD31o8iYrwFU4\\\/05JSmnZJDF3GvUCK+WX8Gc+CpJv1dWSn4YlajNNfmeS9w0e3AwnsGKkkEpomz4zoJQeDVzwmkQqTJVCfmkeusE4ncrS08KWHMSO9xU2cD5+yyBPlJFlLMMBzZI86gztcdDe7jAVpWAf+d1Zdoby\\\/+buOB15Gn0vbfG6GUoMeu3HSIZD9lZXzl4NVlzW7j6AL6HfrBnLBjXwUpx04zKhcbLQGk2wO8rEX4+JNpdVv76fJUMHLjcsQL3T6QUUuuZDusVPYFbvskvFObv1bjJg1iAfqenwPWs1VhHCxqDhcvxxbggCNdHRI5k45Bwh1LarQvUY\\\/EqRrAqlgxLAm1eLkpZwcrTAizCZfsCINNrLVsKfpYaLvgS8ZXFc3UG\\\/BHSVyV+ZPCchh8mAXciNtu2982s2cyCxNfVU4x7Sz9c8KrsmgYe7bXih4VYuzGOtGUnNh77pq6PVX3iRwr\\\/P46I4nrAQ4VPeAHr1z8AAAD\\\/\\\/wMALUxS+9YMAAA=\"},{\"@type\":\"BreadcrumbList\",\"@id\":\"https:\\\/\\\/www.previs.ch\\\/vorsorge\\\/fuer-arbeitgebende\\\/anlaesse-und-seminare\\\/#breadcrumb\",\"itemListElement\":[{\"@type\":\"ListItem\",\"position\":1,\"name\":\"Home\",\"item\":\"https:\\\/\\\/www.previs.ch\\\/\"},{\"@type\":\"ListItem\",\"position\":2,\"name\":\"Vorsorge\",\"item\":\"https:\\\/\\\/www.previs.ch\\\/vorsorge\\\/\"},{\"@type\":\"ListItem\",\"position\":3,\"name\":\"F\u00fcr Arbeitgebende\",\"item\":\"https:\\\/\\\/www.previs.ch\\\/vorsorge\\\/fuer-arbeitgebende\\\/\"},{\"@type\":\"ListItem\",\"position\":4,\"name\":\"Anl\u00e4sse und Seminare\"}]},{\"@type\":\"WebSite\",\"@id\":\"https:\\\/\\\/www.previs.ch\\\/#website\",\"url\":\"https:\\\/\\\/www.previs.ch\\\/\",\"name\":\"Previs Vorsorge\",\"description\":\"Wo Transparenz Vertrauen schafft\",\"publisher\":{\"@id\":\"https:\\\/\\\/www.previs.ch\\\/#organization\"},\"alternateName\":\"Previs\",\"potentialAction\":[{\"@type\":\"SearchAction\",\"target\":{\"@type\":\"EntryPoint\",\"urlTemplate\":\"https:\\\/\\\/www.previs.ch\\\/?s={search_term_string}\"},\"query-input\":{\"@type\":\"PropertyValueSpecification\",\"valueRequired\":true,\"valueName\":\"search_term_string\"}}],\"inLanguage\":\"de-CH\"},{\"@type\":\"Organization\",\"@id\":\"https:\\\/\\\/www.previs.ch\\\/#organization\",\"name\":\"Previs Vorsorge\",\"alternateName\":\"Previs\",\"url\":\"https:\\\/\\\/www.previs.ch\\\/\",\"logo\":{\"@type\":\"ImageObject\",\"inLanguage\":\"de-CH\",\"@id\":\"https:\\\/\\\/www.previs.ch\\\/#\\\/schema\\\/logo\\\/image\\\/\",\"url\":\"https:\\\/\\\/www.previs.ch\\\/wp-content\\\/uploads\\\/2024\\\/07\\\/cropped-previs-vorsorge-favicon.png\",\"contentUrl\":\"https:\\\/\\\/www.previs.ch\\\/wp-content\\\/uploads\\\/2024\\\/07\\\/cropped-previs-vorsorge-favicon.png\",\"width\":512,\"height\":512,\"caption\":\"Previs Vorsorge\"},\"image\":{\"@id\":\"https:\\\/\\\/www.previs.ch\\\/#\\\/schema\\\/logo\\\/image\\\/\"},\"sameAs\":[\"https:\\\/\\\/www.linkedin.com\\\/company\\\/previsvorsorge\\\/\"]}]}<\/script>\n<!-- \/ Yoast SEO plugin. -->","yoast_head_json":{"title":"Anl\u00e4sse und Seminare f\u00fcr Arbeitgebende | Previs Vorsorge","description":"Nehmen Sie an unseren Seminaren und Anl\u00e4ssen teil. Erhalten Sie wertvolle Informationen rund um Vorsorge und betriebliche Absicherung.","robots":{"index":"index","follow":"follow","max-snippet":"max-snippet:-1","max-image-preview":"max-image-preview:large","max-video-preview":"max-video-preview:-1"},"canonical":"https:\/\/www.previs.ch\/vorsorge\/fuer-arbeitgebende\/anlaesse-und-seminare\/","og_locale":"de_DE","og_type":"article","og_title":"Anl\u00e4sse und Seminare f\u00fcr Arbeitgebende | Previs Vorsorge","og_description":"Nehmen Sie an unseren Seminaren und Anl\u00e4ssen teil. Erhalten Sie wertvolle Informationen rund um Vorsorge und betriebliche Absicherung.","og_url":"https:\/\/www.previs.ch\/vorsorge\/fuer-arbeitgebende\/anlaesse-und-seminare\/","og_site_name":"Previs Vorsorge","article_modified_time":"2026-01-28T08:26:33+00:00","og_image":[{"width":2560,"height":1707,"url":"https:\/\/www.previs.ch\/wp-content\/uploads\/2024\/09\/Header_Seminare_iStock-1398091504_kasto80-scaled.jpg","type":"image\/jpeg"}],"twitter_card":"summary_large_image","twitter_misc":{"Gesch\u00e4tzte Lesezeit":"3\u00a0Minuten"},"schema":{"@context":"https:\/\/schema.org","@graph":[{"@type":"WebPage","@id":"https:\/\/www.previs.ch\/vorsorge\/fuer-arbeitgebende\/anlaesse-und-seminare\/","url":"https:\/\/www.previs.ch\/vorsorge\/fuer-arbeitgebende\/anlaesse-und-seminare\/","name":"Anl\u00e4sse und Seminare f\u00fcr Arbeitgebende | Previs Vorsorge","isPartOf":{"@id":"https:\/\/www.previs.ch\/#website"},"primaryImageOfPage":{"@id":"https:\/\/www.previs.ch\/vorsorge\/fuer-arbeitgebende\/anlaesse-und-seminare\/#primaryimage"},"image":{"@id":"https:\/\/www.previs.ch\/vorsorge\/fuer-arbeitgebende\/anlaesse-und-seminare\/#primaryimage"},"thumbnailUrl":"https:\/\/www.previs.ch\/wp-content\/uploads\/2024\/09\/Header_Seminare_iStock-1398091504_kasto80-scaled.jpg","datePublished":"2024-08-02T13:41:54+00:00","dateModified":"2026-01-28T08:26:33+00:00","description":"Nehmen Sie an unseren Seminaren und Anl\u00e4ssen teil. Erhalten Sie wertvolle Informationen rund um Vorsorge und betriebliche Absicherung.","breadcrumb":{"@id":"https:\/\/www.previs.ch\/vorsorge\/fuer-arbeitgebende\/anlaesse-und-seminare\/#breadcrumb"},"inLanguage":"de-CH","potentialAction":[{"@type":"ReadAction","target":["https:\/\/www.previs.ch\/vorsorge\/fuer-arbeitgebende\/anlaesse-und-seminare\/"]}]},{"@type":"ImageObject","inLanguage":"de-CH","@id":"https:\/\/www.previs.ch\/vorsorge\/fuer-arbeitgebende\/anlaesse-und-seminare\/#primaryimage","url":"https:\/\/www.previs.ch\/wp-content\/uploads\/2024\/09\/Header_Seminare_iStock-1398091504_kasto80-scaled.jpg","contentUrl":"https:\/\/www.previs.ch\/wp-content\/uploads\/2024\/09\/Header_Seminare_iStock-1398091504_kasto80-scaled.jpg","width":2560,"height":1707,"caption":"Male speaker giving presentation in lecture hall at university workshop. Audience in conference hall. Rear view of unrecognized participant in audience. Scientific conference event. SSUCv3H4sIAAAAAAAACoxXyY7jNhC9B8g\/GDq3AZLacw1yHGCAIKdBDhRF24QpUuDi6Uaj\/z0l2bK5KEhuVrH2enwsf\/76y+FQDNQKVvx2+Fy+4FtI6a0z1AmtQIzeHnLD1chNKLmZskGhgI\/CaSOoDIUDdeyi6MRBqLyUi\/hrPSyso85bboPoNULzO3yXmznzjlHr1shPIZXyRs8aRHgTnbTTUtBQaxbvjoY6jKrbIiBtkASjjp8h6yiNrSk\/7t+H7eDhxsFR8cfo2b1Lb8Gh9cNy+Ce7aC3fDr9rKfmZvx3+UuLGjRXu48AdKzaLexL\/EuE717Pke+6\/Ccu4lFRx7e3L2f3H3882nbliH6+yFvuLd9BM6zS7hvXBUfX0szkA4Wg4nawT6\/hCbdyhKLHoYzl8Orv\/+Apabrjk9D73H\/dYxfUnZDWFI5CcOW+isEVP6pa8IhUNIXVdJFUP3grF7er9pYmqHqeaTKsTB1yzOArBBLUYB3HajpAutbYzp9cVly9TjPoeRRm2NSkzSz4JRc1OaYkiv3HlkjpQk9XxU5urveg50WxIpumojMZeNF3XZlr8iey0hVXUFNyi1HTi3Al1jg3rrivDnkBmmaH9mGZthZ92R5EPbulMmuH\/HBxYn00KkApVqCkzMM3UOMHETJWL9XFZkiqb7NloH4+hb6o+KxboVai0TdDPJst1NvoEqUKlK6sGTcV1WeWVUXbJ\/LYEZ5oDEN4p1dzHoHKGz3BLuI8R2xEEjnMEUAW8Y9JkcdYryujIp49EsarbVPFEmZcuVWzKJsTUnqFQwFzOu4REWlL3qap\/0nMchqCujcIsYbMZcQtdym9MV1ZtltTsBxm\/LQtG2nzyd\/JPLj\/KJmmdH9PedCjqDdzczD31o8iYrwFU4\/05JSmnZJDF3GvUCK+WX8Gc+CpJv1dWSn4YlajNNfmeS9w0e3AwnsGKkkEpomz4zoJQeDVzwmkQqTJVCfmkeusE4ncrS08KWHMSO9xU2cD5+yyBPlJFlLMMBzZI86gztcdDe7jAVpWAf+d1Zdoby\/+buOB15Gn0vbfG6GUoMeu3HSIZD9lZXzl4NVlzW7j6AL6HfrBnLBjXwUpx04zKhcbLQGk2wO8rEX4+JNpdVv76fJUMHLjcsQL3T6QUUuuZDusVPYFbvskvFObv1bjJg1iAfqenwPWs1VhHCxqDhcvxxbggCNdHRI5k45Bwh1LarQvUY\/EqRrAqlgxLAm1eLkpZwcrTAizCZfsCINNrLVsKfpYaLvgS8ZXFc3UG\/BHSVyV+ZPCchh8mAXciNtu2982s2cyCxNfVU4x7Sz9c8KrsmgYe7bXih4VYuzGOtGUnNh77pq6PVX3iRwr\/P46I4nrAQ4VPeAHr1z8AAAD\/\/wMALUxS+9YMAAA="},{"@type":"BreadcrumbList","@id":"https:\/\/www.previs.ch\/vorsorge\/fuer-arbeitgebende\/anlaesse-und-seminare\/#breadcrumb","itemListElement":[{"@type":"ListItem","position":1,"name":"Home","item":"https:\/\/www.previs.ch\/"},{"@type":"ListItem","position":2,"name":"Vorsorge","item":"https:\/\/www.previs.ch\/vorsorge\/"},{"@type":"ListItem","position":3,"name":"F\u00fcr Arbeitgebende","item":"https:\/\/www.previs.ch\/vorsorge\/fuer-arbeitgebende\/"},{"@type":"ListItem","position":4,"name":"Anl\u00e4sse und Seminare"}]},{"@type":"WebSite","@id":"https:\/\/www.previs.ch\/#website","url":"https:\/\/www.previs.ch\/","name":"Previs Vorsorge","description":"Wo Transparenz Vertrauen schafft","publisher":{"@id":"https:\/\/www.previs.ch\/#organization"},"alternateName":"Previs","potentialAction":[{"@type":"SearchAction","target":{"@type":"EntryPoint","urlTemplate":"https:\/\/www.previs.ch\/?s={search_term_string}"},"query-input":{"@type":"PropertyValueSpecification","valueRequired":true,"valueName":"search_term_string"}}],"inLanguage":"de-CH"},{"@type":"Organization","@id":"https:\/\/www.previs.ch\/#organization","name":"Previs Vorsorge","alternateName":"Previs","url":"https:\/\/www.previs.ch\/","logo":{"@type":"ImageObject","inLanguage":"de-CH","@id":"https:\/\/www.previs.ch\/#\/schema\/logo\/image\/","url":"https:\/\/www.previs.ch\/wp-content\/uploads\/2024\/07\/cropped-previs-vorsorge-favicon.png","contentUrl":"https:\/\/www.previs.ch\/wp-content\/uploads\/2024\/07\/cropped-previs-vorsorge-favicon.png","width":512,"height":512,"caption":"Previs Vorsorge"},"image":{"@id":"https:\/\/www.previs.ch\/#\/schema\/logo\/image\/"},"sameAs":["https:\/\/www.linkedin.com\/company\/previsvorsorge\/"]}]}},"acf":{"page_banner_options":{"banner_type":"image"},"hero_options":{"image_desktop":505,"image_tablet":"","image_mobile":"","hero_title":"","hero_style":"hero-light","hero_bg_anchor":"center","brand_icon":"immobilien"},"slider_options":{"options":{"bgcolor":"","slider_style":"slider-light","brand_icon":"noicon","autoplay":false,"timeout":5000,"pause":false},"slider":null},"image_options":{"options":{"bgcolor":"#fef1dc","flip":false},"details":{"title":"Anl\u00e4sse und Seminare","description":"Wissen rund um die berufliche Vorsorge vertiefen.","buttons":null},"image":4156},"simple_options":{"title":"Anl\u00e4sse und Seminare","title_type":"h1","color_title":"","bgcolor":"#fef1dc","description":"Wissen rund um die berufliche Vorsorge vertiefen"},"sections":[{"acf_fc_layout":"section-flexible-content","status":false,"section_id":"","bgsection":"","padding":"top","add_toc":false,"content":[{"acf_fc_layout":"element-title","status":false,"element_id":"wertvolle-einblicke","title":"Wertvolle Einblicke ","title_type":"h2"},{"acf_fc_layout":"element-text","status":false,"group":null,"text_size":"large","text":"Wir organisieren verschiedene Seminare und Fachanl\u00e4sse f\u00fcr Versicherte und Arbeitgebende rund um die Themen der beruflichen Vorsorge."},{"acf_fc_layout":"element-text","status":false,"group":null,"text_size":"normal","text":"Die Veranstaltungen decken wichtige Aspekte der beruflichen Vorsorge ab und bieten wertvolle Einblicke sowie praktische Informationen. Nutzen Sie die Gelegenheit, von fundiertem Wissen zu profitieren. Die Seminare und Fachanl\u00e4sse sind darauf ausgelegt, Ihre Kenntnisse zu vertiefen."},{"acf_fc_layout":"element-spacer","status":false,"group":null,"space_size":"nm"},{"acf_fc_layout":"element-title","status":false,"element_id":"seminare55","title":"Gut vorbereitet in die Pension: Seminare 55+ f\u00fcr Versicherte ","title_type":"h3"},{"acf_fc_layout":"element-text","status":false,"group":null,"text_size":"normal","text":"Fr\u00fch genug an sp\u00e4ter denken! In unseren Seminaren zur finanziellen Pensionsplanung werden relevante Themen behandelt, u. a.:\r\n<ul>\r\n \t<li>Rente, Kapital oder eine Mischform \u2013 was ist f\u00fcr mich sinnvoll?<\/li>\r\n \t<li>Wie kann ich sparen?<\/li>\r\n \t<li>Wie ver\u00e4ndern sich Einnahmen und Ausgaben mit der Pensionierung?<\/li>\r\n \t<li>Wie k\u00f6nnen wir uns in der Partnerschaft gegenseitig finanziell absichern?<\/li>\r\n<\/ul>\r\nTeilnahmeberechtigt sind die 55- bis 59-j\u00e4hrigen Versicherten der Previs. Die Einladungen mit den pers\u00f6nlichen Anmeldecodes werden jeweils Anfang Jahr an die Arbeitgebenden verschickt."},{"acf_fc_layout":"element-spacer","status":false,"group":null,"space_size":"nm"},{"acf_fc_layout":"element-title","status":false,"element_id":"fachanlass-praevention","title":"Fachanlass Pr\u00e4vention","title_type":"h3"},{"acf_fc_layout":"element-text","status":false,"group":null,"text_size":"normal","text":"An den bew\u00e4hrten Praxisanl\u00e4ssen spricht unsere R\u00fcckversicherungspartnerin PK R\u00fcck \u00fcber Entwicklungen im Bereich Invalidit\u00e4t. Sie zeigt die M\u00f6glichkeiten zur Reduktion von Invalidit\u00e4tsf\u00e4llen auf, z. B. durch Unterst\u00fctzung bei der Eingliederung mittels Case Management. Ausgew\u00e4hlte Fachleute referieren jeweils \u00fcber ein aktuelles Thema und geben praktische Tipps f\u00fcr den Alltag.\r\n\r\nDer Anlass f\u00fcr F\u00fchrungskr\u00e4fte und HR-Verantwortliche ist kostenlos. Die Einladungen werden jeweils fr\u00fchzeitig an die angeschlossenen Arbeitgebenden verschickt."},{"acf_fc_layout":"element-spacer","status":false,"group":null,"space_size":"nm"},{"acf_fc_layout":"element-title","status":false,"element_id":"fachseminare","title":"Fachseminare Betriebliches Gesundheitsmanagement","title_type":"h3"},{"acf_fc_layout":"element-text","status":false,"group":null,"text_size":"normal","text":"Die Verminderung arbeitsbedingter Belastungen und die St\u00e4rkung der Ressourcen stehen im Zentrum von pr\u00e4ventiven Massnahmen. Die Seminare vermitteln F\u00fchrungskr\u00e4ften und Personalverantwortlichen Wissen zu Pr\u00e4vention und Gesundheitsf\u00f6rderung, sowie Tools, um Risiken zu erkennen und Massnahmen gezielt umzusetzen. Ziel ist ein gesundes und leistungsf\u00e4higes Arbeitsumfeld. Die Seminare werden von der Hochschule Luzern\u00a0 \u0336\u00a0 Soziale Arbeit im Auftrag von und in Zusammenarbeit mit der PK R\u00fcck durchgef\u00fchrt und richten sich an HR-Verantwortliche und F\u00fchrungskr\u00e4fte.\r\n\r\nF\u00fcr die Kundinnen und Kunden der Previs sowie Partner-Broker sind die Seminare kostenlos. Die Anmeldung erfolgt direkt bei der Hochschule Luzern."},{"acf_fc_layout":"element-spacer","status":false,"group":null,"space_size":"sm"},{"acf_fc_layout":"element-filtered-list","status":false,"list":[{"text":"Kursprogramm und Anmeldung","type":"external","description":"","link":null,"anchor":"","url":"https:\/\/www.hslu.ch\/praeventionsseminare25"},{"text":"Flyer Fachseminare Betriebliches Gesundheitsmanagement (PDF)","type":"pdfs","description":"","link":null,"anchor":"","url":"https:\/\/www.previs.ch\/wp-content\/uploads\/2026\/01\/Fachseminare-BGM_2026_DE.pdf.pdf"}]}]},{"acf_fc_layout":"section-cta","status":false,"section_id":"","bgsection":"","padding":"both","type":"cta-compact","style":"cta-blue","flip":false,"title":"Previs Newsletter","title_type":"h2","image":null,"video":"","media_type":"image","text":"Erhalten Sie aktuelle Informationen rund um die Previs Vorsorge.","buttons":[{"text":"Newsletter abonnieren","type":"internal","style":"btn-white","link":1407,"anchor":"","url":""}]},{"acf_fc_layout":"section-related-pages","status":false,"section_id":"","bgsection":"","padding":"bottom","title":"Das k\u00f6nnte Sie auch interessieren","title_type":"h2","text":"","pages":[{"page":600},{"page":570},{"page":856}]}]},"publishpress_future_action":{"enabled":false,"date":"2026-05-07 20:29:16","action":"change-status","newStatus":"draft","terms":[],"taxonomy":"translation_priority","extraData":[]},"publishpress_future_workflow_manual_trigger":{"enabledWorkflows":[]},"_links":{"self":[{"href":"https:\/\/www.previs.ch\/api\/wp\/v2\/pages\/535","targetHints":{"allow":["GET"]}}],"collection":[{"href":"https:\/\/www.previs.ch\/api\/wp\/v2\/pages"}],"about":[{"href":"https:\/\/www.previs.ch\/api\/wp\/v2\/types\/page"}],"author":[{"embeddable":true,"href":"https:\/\/www.previs.ch\/api\/wp\/v2\/users\/1"}],"replies":[{"embeddable":true,"href":"https:\/\/www.previs.ch\/api\/wp\/v2\/comments?post=535"}],"version-history":[{"count":75,"href":"https:\/\/www.previs.ch\/api\/wp\/v2\/pages\/535\/revisions"}],"predecessor-version":[{"id":15022,"href":"https:\/\/www.previs.ch\/api\/wp\/v2\/pages\/535\/revisions\/15022"}],"up":[{"embeddable":true,"href":"https:\/\/www.previs.ch\/api\/wp\/v2\/pages\/594"}],"wp:featuredmedia":[{"embeddable":true,"href":"https:\/\/www.previs.ch\/api\/wp\/v2\/media\/4156"}],"wp:attachment":[{"href":"https:\/\/www.previs.ch\/api\/wp\/v2\/media?parent=535"}],"curies":[{"name":"wp","href":"https:\/\/api.w.org\/{rel}","templated":true}]}}