{"id":602,"date":"2024-08-02T12:16:48","date_gmt":"2024-08-02T10:16:48","guid":{"rendered":"https:\/\/previs.ch\/?page_id=602"},"modified":"2025-06-05T14:47:51","modified_gmt":"2025-06-05T12:47:51","slug":"fuer-versicherte","status":"publish","type":"page","link":"https:\/\/www.previs.ch\/vorsorge\/fuer-versicherte\/","title":{"rendered":"F\u00fcr Versicherte"},"content":{"rendered":"","protected":false},"excerpt":{"rendered":"","protected":false},"author":1,"featured_media":2658,"parent":502,"menu_order":0,"comment_status":"closed","ping_status":"closed","template":"","meta":{"_acf_changed":false,"footnotes":""},"class_list":["post-602","page","type-page","status-publish","has-post-thumbnail","hentry"],"yoast_head":"<!-- This site is optimized with the Yoast SEO plugin v27.3 - https:\/\/yoast.com\/product\/yoast-seo-wordpress\/ -->\n<title>F\u00fcr Versicherte | Previs Vorsorge<\/title>\n<meta name=\"description\" content=\"Ihre berufliche Vorsorge in guten H\u00e4nden: Wir sind vom Berufseinstieg bis zur Pensionierung f\u00fcr Sie da.\" \/>\n<meta name=\"robots\" content=\"index, follow, max-snippet:-1, max-image-preview:large, max-video-preview:-1\" \/>\n<link rel=\"canonical\" href=\"https:\/\/www.previs.ch\/vorsorge\/fuer-versicherte\/\" \/>\n<meta property=\"og:locale\" content=\"de_DE\" \/>\n<meta property=\"og:type\" content=\"article\" \/>\n<meta property=\"og:title\" content=\"F\u00fcr Versicherte | Previs Vorsorge\" \/>\n<meta property=\"og:description\" content=\"Ihre berufliche Vorsorge in guten H\u00e4nden: Wir sind vom Berufseinstieg bis zur Pensionierung f\u00fcr Sie da.\" \/>\n<meta property=\"og:url\" content=\"https:\/\/www.previs.ch\/vorsorge\/fuer-versicherte\/\" \/>\n<meta property=\"og:site_name\" content=\"Previs Vorsorge\" \/>\n<meta property=\"article:modified_time\" content=\"2025-06-05T12:47:51+00:00\" \/>\n<meta property=\"og:image\" content=\"https:\/\/www.previs.ch\/wp-content\/uploads\/2024\/08\/Versicherte-scaled.jpg\" \/>\n\t<meta property=\"og:image:width\" content=\"2560\" \/>\n\t<meta property=\"og:image:height\" content=\"1693\" \/>\n\t<meta property=\"og:image:type\" content=\"image\/jpeg\" \/>\n<meta name=\"twitter:card\" content=\"summary_large_image\" \/>\n<meta name=\"twitter:label1\" content=\"Gesch\u00e4tzte Lesezeit\" \/>\n\t<meta name=\"twitter:data1\" content=\"2\u00a0Minuten\" \/>\n<script type=\"application\/ld+json\" class=\"yoast-schema-graph\">{\"@context\":\"https:\\\/\\\/schema.org\",\"@graph\":[{\"@type\":\"WebPage\",\"@id\":\"https:\\\/\\\/www.previs.ch\\\/vorsorge\\\/fuer-versicherte\\\/\",\"url\":\"https:\\\/\\\/www.previs.ch\\\/vorsorge\\\/fuer-versicherte\\\/\",\"name\":\"F\u00fcr Versicherte | Previs Vorsorge\",\"isPartOf\":{\"@id\":\"https:\\\/\\\/www.previs.ch\\\/#website\"},\"primaryImageOfPage\":{\"@id\":\"https:\\\/\\\/www.previs.ch\\\/vorsorge\\\/fuer-versicherte\\\/#primaryimage\"},\"image\":{\"@id\":\"https:\\\/\\\/www.previs.ch\\\/vorsorge\\\/fuer-versicherte\\\/#primaryimage\"},\"thumbnailUrl\":\"https:\\\/\\\/www.previs.ch\\\/wp-content\\\/uploads\\\/2024\\\/08\\\/Versicherte-scaled.jpg\",\"datePublished\":\"2024-08-02T10:16:48+00:00\",\"dateModified\":\"2025-06-05T12:47:51+00:00\",\"description\":\"Ihre berufliche Vorsorge in guten H\u00e4nden: Wir sind vom Berufseinstieg bis zur Pensionierung f\u00fcr Sie da.\",\"breadcrumb\":{\"@id\":\"https:\\\/\\\/www.previs.ch\\\/vorsorge\\\/fuer-versicherte\\\/#breadcrumb\"},\"inLanguage\":\"de-CH\",\"potentialAction\":[{\"@type\":\"ReadAction\",\"target\":[\"https:\\\/\\\/www.previs.ch\\\/vorsorge\\\/fuer-versicherte\\\/\"]}]},{\"@type\":\"ImageObject\",\"inLanguage\":\"de-CH\",\"@id\":\"https:\\\/\\\/www.previs.ch\\\/vorsorge\\\/fuer-versicherte\\\/#primaryimage\",\"url\":\"https:\\\/\\\/www.previs.ch\\\/wp-content\\\/uploads\\\/2024\\\/08\\\/Versicherte-scaled.jpg\",\"contentUrl\":\"https:\\\/\\\/www.previs.ch\\\/wp-content\\\/uploads\\\/2024\\\/08\\\/Versicherte-scaled.jpg\",\"width\":2560,\"height\":1693,\"caption\":\"Paar informiert sich am Laptop \u00fcber die berufliche Vorsorge.\"},{\"@type\":\"BreadcrumbList\",\"@id\":\"https:\\\/\\\/www.previs.ch\\\/vorsorge\\\/fuer-versicherte\\\/#breadcrumb\",\"itemListElement\":[{\"@type\":\"ListItem\",\"position\":1,\"name\":\"Home\",\"item\":\"https:\\\/\\\/www.previs.ch\\\/\"},{\"@type\":\"ListItem\",\"position\":2,\"name\":\"Vorsorge\",\"item\":\"https:\\\/\\\/www.previs.ch\\\/vorsorge\\\/\"},{\"@type\":\"ListItem\",\"position\":3,\"name\":\"F\u00fcr Versicherte\"}]},{\"@type\":\"WebSite\",\"@id\":\"https:\\\/\\\/www.previs.ch\\\/#website\",\"url\":\"https:\\\/\\\/www.previs.ch\\\/\",\"name\":\"Previs Vorsorge\",\"description\":\"Wo Transparenz Vertrauen schafft\",\"publisher\":{\"@id\":\"https:\\\/\\\/www.previs.ch\\\/#organization\"},\"alternateName\":\"Previs\",\"potentialAction\":[{\"@type\":\"SearchAction\",\"target\":{\"@type\":\"EntryPoint\",\"urlTemplate\":\"https:\\\/\\\/www.previs.ch\\\/?s={search_term_string}\"},\"query-input\":{\"@type\":\"PropertyValueSpecification\",\"valueRequired\":true,\"valueName\":\"search_term_string\"}}],\"inLanguage\":\"de-CH\"},{\"@type\":\"Organization\",\"@id\":\"https:\\\/\\\/www.previs.ch\\\/#organization\",\"name\":\"Previs Vorsorge\",\"alternateName\":\"Previs\",\"url\":\"https:\\\/\\\/www.previs.ch\\\/\",\"logo\":{\"@type\":\"ImageObject\",\"inLanguage\":\"de-CH\",\"@id\":\"https:\\\/\\\/www.previs.ch\\\/#\\\/schema\\\/logo\\\/image\\\/\",\"url\":\"https:\\\/\\\/www.previs.ch\\\/wp-content\\\/uploads\\\/2024\\\/07\\\/cropped-previs-vorsorge-favicon.png\",\"contentUrl\":\"https:\\\/\\\/www.previs.ch\\\/wp-content\\\/uploads\\\/2024\\\/07\\\/cropped-previs-vorsorge-favicon.png\",\"width\":512,\"height\":512,\"caption\":\"Previs Vorsorge\"},\"image\":{\"@id\":\"https:\\\/\\\/www.previs.ch\\\/#\\\/schema\\\/logo\\\/image\\\/\"},\"sameAs\":[\"https:\\\/\\\/www.linkedin.com\\\/company\\\/previsvorsorge\\\/\"]}]}<\/script>\n<!-- \/ Yoast SEO plugin. -->","yoast_head_json":{"title":"F\u00fcr Versicherte | Previs Vorsorge","description":"Ihre berufliche Vorsorge in guten H\u00e4nden: Wir sind vom Berufseinstieg bis zur Pensionierung f\u00fcr Sie da.","robots":{"index":"index","follow":"follow","max-snippet":"max-snippet:-1","max-image-preview":"max-image-preview:large","max-video-preview":"max-video-preview:-1"},"canonical":"https:\/\/www.previs.ch\/vorsorge\/fuer-versicherte\/","og_locale":"de_DE","og_type":"article","og_title":"F\u00fcr Versicherte | Previs Vorsorge","og_description":"Ihre berufliche Vorsorge in guten H\u00e4nden: Wir sind vom Berufseinstieg bis zur Pensionierung f\u00fcr Sie da.","og_url":"https:\/\/www.previs.ch\/vorsorge\/fuer-versicherte\/","og_site_name":"Previs Vorsorge","article_modified_time":"2025-06-05T12:47:51+00:00","og_image":[{"width":2560,"height":1693,"url":"https:\/\/www.previs.ch\/wp-content\/uploads\/2024\/08\/Versicherte-scaled.jpg","type":"image\/jpeg"}],"twitter_card":"summary_large_image","twitter_misc":{"Gesch\u00e4tzte Lesezeit":"2\u00a0Minuten"},"schema":{"@context":"https:\/\/schema.org","@graph":[{"@type":"WebPage","@id":"https:\/\/www.previs.ch\/vorsorge\/fuer-versicherte\/","url":"https:\/\/www.previs.ch\/vorsorge\/fuer-versicherte\/","name":"F\u00fcr Versicherte | Previs Vorsorge","isPartOf":{"@id":"https:\/\/www.previs.ch\/#website"},"primaryImageOfPage":{"@id":"https:\/\/www.previs.ch\/vorsorge\/fuer-versicherte\/#primaryimage"},"image":{"@id":"https:\/\/www.previs.ch\/vorsorge\/fuer-versicherte\/#primaryimage"},"thumbnailUrl":"https:\/\/www.previs.ch\/wp-content\/uploads\/2024\/08\/Versicherte-scaled.jpg","datePublished":"2024-08-02T10:16:48+00:00","dateModified":"2025-06-05T12:47:51+00:00","description":"Ihre berufliche Vorsorge in guten H\u00e4nden: Wir sind vom Berufseinstieg bis zur Pensionierung f\u00fcr Sie da.","breadcrumb":{"@id":"https:\/\/www.previs.ch\/vorsorge\/fuer-versicherte\/#breadcrumb"},"inLanguage":"de-CH","potentialAction":[{"@type":"ReadAction","target":["https:\/\/www.previs.ch\/vorsorge\/fuer-versicherte\/"]}]},{"@type":"ImageObject","inLanguage":"de-CH","@id":"https:\/\/www.previs.ch\/vorsorge\/fuer-versicherte\/#primaryimage","url":"https:\/\/www.previs.ch\/wp-content\/uploads\/2024\/08\/Versicherte-scaled.jpg","contentUrl":"https:\/\/www.previs.ch\/wp-content\/uploads\/2024\/08\/Versicherte-scaled.jpg","width":2560,"height":1693,"caption":"Paar informiert sich am Laptop \u00fcber die berufliche Vorsorge."},{"@type":"BreadcrumbList","@id":"https:\/\/www.previs.ch\/vorsorge\/fuer-versicherte\/#breadcrumb","itemListElement":[{"@type":"ListItem","position":1,"name":"Home","item":"https:\/\/www.previs.ch\/"},{"@type":"ListItem","position":2,"name":"Vorsorge","item":"https:\/\/www.previs.ch\/vorsorge\/"},{"@type":"ListItem","position":3,"name":"F\u00fcr Versicherte"}]},{"@type":"WebSite","@id":"https:\/\/www.previs.ch\/#website","url":"https:\/\/www.previs.ch\/","name":"Previs Vorsorge","description":"Wo Transparenz Vertrauen schafft","publisher":{"@id":"https:\/\/www.previs.ch\/#organization"},"alternateName":"Previs","potentialAction":[{"@type":"SearchAction","target":{"@type":"EntryPoint","urlTemplate":"https:\/\/www.previs.ch\/?s={search_term_string}"},"query-input":{"@type":"PropertyValueSpecification","valueRequired":true,"valueName":"search_term_string"}}],"inLanguage":"de-CH"},{"@type":"Organization","@id":"https:\/\/www.previs.ch\/#organization","name":"Previs Vorsorge","alternateName":"Previs","url":"https:\/\/www.previs.ch\/","logo":{"@type":"ImageObject","inLanguage":"de-CH","@id":"https:\/\/www.previs.ch\/#\/schema\/logo\/image\/","url":"https:\/\/www.previs.ch\/wp-content\/uploads\/2024\/07\/cropped-previs-vorsorge-favicon.png","contentUrl":"https:\/\/www.previs.ch\/wp-content\/uploads\/2024\/07\/cropped-previs-vorsorge-favicon.png","width":512,"height":512,"caption":"Previs Vorsorge"},"image":{"@id":"https:\/\/www.previs.ch\/#\/schema\/logo\/image\/"},"sameAs":["https:\/\/www.linkedin.com\/company\/previsvorsorge\/"]}]}},"acf":{"page_banner_options":{"banner_type":"image"},"hero_options":{"image_desktop":null,"image_tablet":null,"image_mobile":null,"hero_title":"","hero_style":"hero-light","hero_bg_anchor":"center","brand_icon":"noicon"},"slider_options":{"options":{"bgcolor":"","slider_style":"slider-light","brand_icon":"noicon","autoplay":false,"timeout":5000,"pause":false},"slider":null},"image_options":{"options":{"bgcolor":"#fef1dc","flip":false},"details":{"title":"F\u00fcr Versicherte","description":"Ihre berufliche Vorsorge in guten H\u00e4nden: Wir sind vom Berufseinstieg bis zur Pensionierung f\u00fcr Sie da. F\u00fcr Fragen rund um das BVG steht Ihnen Ihre direkte Ansprechperson gerne zur Verf\u00fcgung.","buttons":null},"image":2658},"simple_options":{"title":"F\u00fcr Versicherte","title_type":"h1","color_title":"","bgcolor":"#fef1dc","description":"Ihre berufliche Vorsorge in guten H\u00e4nden: Wir sind vom Berufseinstieg bis zur Pensionierung f\u00fcr Sie da. F\u00fcr Fragen rund um das BVG steht Ihnen Ihre direkte Ansprechperson gerne zur Verf\u00fcgung."},"sections":[{"acf_fc_layout":"section-link-box-carousel","status":false,"section_id":"","bgsection":"","padding":"top","display_no":4,"group":null,"title":"Die Themen auf einen Blick","title_type":"h2","text":"","links":[{"image":10625,"title":"Ein- und Austritt","icon":"noicon","type":"page","page":625,"anchor":"","url":""},{"image":10631,"title":"Heirat und Partnerschaft","icon":"noicon","type":"page","page":684,"anchor":"","url":""},{"image":10803,"title":"Wohneigentum","icon":"noicon","type":"page","page":775,"anchor":"","url":""},{"image":10628,"title":"Einkauf","icon":"noicon","type":"page","page":781,"anchor":"","url":""},{"image":10752,"title":"Arbeitsunf\u00e4higkeit und Invalidit\u00e4t","icon":"noicon","type":"page","page":817,"anchor":"","url":""},{"image":10659,"title":"Pensionierung","icon":"noicon","type":"page","page":881,"anchor":"","url":""},{"image":10695,"title":"Todesfall","icon":"noicon","type":"page","page":841,"anchor":"","url":""},{"image":10681,"title":"Weiterversicherung ab Alter 58","icon":"noicon","type":"page","page":931,"anchor":"","url":""},{"image":2656,"title":"Frauen und Vorsorge","icon":"noicon","type":"page","page":911,"anchor":"","url":""},{"image":11019,"title":"Vorsorgeausweis","icon":"noicon","type":"page","page":907,"anchor":"","url":""}]},{"acf_fc_layout":"section-cta","status":false,"section_id":"","bgsection":"","padding":"both","type":"cta-image","style":"cta-white","flip":false,"title":"PrevisConnect f\u00fcr Versicherte","title_type":"h2","image":12931,"video":"","media_type":"image","text":"\u00dcber die kostenlose Online-Plattform haben Sie jederzeit Zugriff auf Ihre pers\u00f6nlichen Versichertendaten.","buttons":[{"text":"Mehr erfahren","type":"internal","style":"btn-primary","link":9121,"anchor":"","url":""}]},{"acf_fc_layout":"section-flexible-content","status":false,"section_id":"","bgsection":"","padding":"top","add_toc":false,"content":[{"acf_fc_layout":"element-title","status":false,"element_id":"","title":"Kurz erkl\u00e4rt \u2013 die drei S\u00e4ulen der Altersvorsorge","title_type":"h2"},{"acf_fc_layout":"element-text","status":false,"group":null,"text_size":"normal","text":"Das Schweizer Sozialversicherungssystem basiert auf dem sogenannten Drei-S\u00e4ulen-Prinzip. Die Previs deckt die zweite S\u00e4ule, die berufliche Vorsorge, ab."},{"acf_fc_layout":"element-table","status":false,"group":null,"add_legend":true,"compact_table":false,"table":{"t":{"o":{"ct":"ed","cols":4,"rows":5,"uf":"n","uh":"y","tb":"basic","changed":true}},"c":[{"c":[{"c":"","o":[]},{"c":"","o":[]},{"c":"","o":[]},{"c":"","o":[]}],"o":[]}],"b":[{"c":[{"c":"Bezeichnung","o":[]},{"c":"<p>Staatliche Vorsorge<\/p><ul><li>AHV: Alters- und Hinterlassenversicherung<\/li><li>IV: Invalidenversicherung<\/li><li>EL: Erg\u00e4nzungsleistung<\/li><li>ALV: Arbeitslosenversicherung<\/li><li>EO: Erwerbsersatzordung<\/li><\/ul>","o":{"tb":""}},{"c":"<p>Berufliche Vorsorge<\/p><ul><li>BVG: Bundesgesetz \u00fcber die berufliche Alters-, Hinterlassenen- und Invalidenvorsorge (obligatorische und \u00fcberobligatorisch)<\/li><li>UVG: Bundesgesetz \u00fcber die Unfallversicherung (obligatorisch und UVG-Zusatz)<\/li><\/ul>","o":[]},{"c":"<p>Private Vorsorge<\/p><ul><li>Gebundene vorsorge (S\u00e4ule 3a)<\/li><li>Freie Vorsorge (S\u00e4ule 3b)<\/li><\/ul>","o":[]}],"o":[]},{"c":[{"c":"Ziele","o":[]},{"c":"<p>Existenzsicherung<\/p>","o":[]},{"c":"Fortsetzen der gewohnten Lebenshaltung","o":[]},{"c":"Individuelle Erg\u00e4nzung zur Schliessung von Vorsorgel\u00fccken","o":[]}],"o":[]},{"c":[{"c":"Verantwortlichkeit","o":[]},{"c":"Staat","o":[]},{"c":"Arbeitgebende","o":[]},{"c":"<p>Eigenverantwortung<\/p>","o":[]}],"o":[]},{"c":[{"c":"Finanzierung","o":[]},{"c":"<p>50% Arbeitgeber\/-in<br>50% Arbeitnehmer\/-in<br>Selbstst\u00e4ndig Erwerbende und Nichtererbst\u00e4tige: 100% selbst finanziert<\/p>","o":[]},{"c":"<p>Beitrag des Arbeitgebers muss mindestens gleich hoch sein wie die gesamten Beitr\u00e4ge aller seiner Arbeitnehmer<\/p>","o":[]},{"c":"100% selbst finanziert","o":[]}],"o":[]},{"c":[{"c":"Bestandteile \n(nicht abschliessend)","o":[]},{"c":"<ul><li>Einzelrente-\/n<\/li><li>Zusatzrente Ehefrau\/-mann<\/li><li>Kinderrente<\/li><li>Witwen-\/Witwerrente \u2013 Waisenrente<\/li><li>Invalidenrente<\/li><li>Invalidenkinderrente<\/li><\/ul>","o":[]},{"c":"<ul><li>Altersrente \/ Alterskapital<\/li><li>Kinderrente<\/li><li>Witwen-\/Witwerrente<\/li><li>Waisenrente<\/li><li>Invalidenrente<\/li><li>Invalidenkinderrente<\/li><\/ul>","o":[]},{"c":"<ul><li>Lebens\u00adversicherungen<\/li><li>Altersrenten<\/li><li>Wohneigentum<\/li><li>Wertschriften<\/li><li>Konti<\/li><\/ul>","o":[]}],"o":[]}],"f":[{"c":[{"c":"","o":[]},{"c":"","o":[]},{"c":"","o":[]},{"c":"","o":[]}],"o":[]}],"h":[{"c":[{"c":"","o":[]},{"c":"1. S\u00e4ule","o":[]},{"c":"2. S\u00e4ule","o":[]},{"c":"3. S\u00e4ule","o":[]}],"o":[]}],"p":{"v":"1.2.2","fk":"field_66ba2d53589d9","fn":"table"}},"legend":"Weitere Informationen zum Drei-S\u00e4ulen-System finden Sie unter <a href=\"https:\/\/www.ch.ch\/de\/pensionierung\/altersvorsorge\/wie-funktioniert-die-altersvorsorge\/#\" target=\"_blank\" rel=\"noopener\">ch.ch<\/a>","tooltips":null}]},{"acf_fc_layout":"section-cta","status":false,"section_id":"","bgsection":"#ffffff","padding":"top","type":"cta-image","style":"cta-white","flip":false,"title":"Die drei S\u00e4ulen des Vorsorgesystems","title_type":"h2","image":1789,"video":"","media_type":"image","text":"Carmen und Jonas, zwei Vertreter der Generation Z (18-25-J\u00e4hrige), erkl\u00e4ren in drei Kurzvideos einfach und verst\u00e4ndlich die drei S\u00e4ulen des Vorsorgesystems (Videos von ASIP).","buttons":[{"text":"Zu den Kurzvideos","type":"external","style":"btn-primary","link":null,"anchor":"","url":"https:\/\/www.youtube.com\/playlist?list=PL8kTzEga4WiW0ImzEr9hxdYHKff9GL4Nc"}]},{"acf_fc_layout":"section-blog-recents","status":false,"section_id":"","bgsection":"","padding":"top","style":"zigzag","display_no":2,"group":null,"title":"Aktuell","title_type":"h2","category":""},{"acf_fc_layout":"section-cta","status":false,"section_id":"","bgsection":"","padding":"both","type":"cta-compact","style":"cta-blue","flip":false,"title":"Previs Newsletter","title_type":"h2","image":null,"video":"","media_type":"image","text":"Erhalten Sie aktuelle Informationen rund um die Previs Vorsorge.","buttons":[{"text":"Newsletter abonnieren","type":"internal","style":"btn-white","link":1407,"anchor":"","url":""}]}]},"publishpress_future_action":{"enabled":false,"date":"2026-05-05 11:38:50","action":"change-status","newStatus":"draft","terms":[],"taxonomy":"translation_priority","extraData":[]},"publishpress_future_workflow_manual_trigger":{"enabledWorkflows":[]},"_links":{"self":[{"href":"https:\/\/www.previs.ch\/api\/wp\/v2\/pages\/602","targetHints":{"allow":["GET"]}}],"collection":[{"href":"https:\/\/www.previs.ch\/api\/wp\/v2\/pages"}],"about":[{"href":"https:\/\/www.previs.ch\/api\/wp\/v2\/types\/page"}],"author":[{"embeddable":true,"href":"https:\/\/www.previs.ch\/api\/wp\/v2\/users\/1"}],"replies":[{"embeddable":true,"href":"https:\/\/www.previs.ch\/api\/wp\/v2\/comments?post=602"}],"version-history":[{"count":93,"href":"https:\/\/www.previs.ch\/api\/wp\/v2\/pages\/602\/revisions"}],"predecessor-version":[{"id":12940,"href":"https:\/\/www.previs.ch\/api\/wp\/v2\/pages\/602\/revisions\/12940"}],"up":[{"embeddable":true,"href":"https:\/\/www.previs.ch\/api\/wp\/v2\/pages\/502"}],"wp:featuredmedia":[{"embeddable":true,"href":"https:\/\/www.previs.ch\/api\/wp\/v2\/media\/2658"}],"wp:attachment":[{"href":"https:\/\/www.previs.ch\/api\/wp\/v2\/media?parent=602"}],"curies":[{"name":"wp","href":"https:\/\/api.w.org\/{rel}","templated":true}]}}