{"id":675,"date":"2024-08-05T08:50:22","date_gmt":"2024-08-05T06:50:22","guid":{"rendered":"https:\/\/previs.ch\/?page_id=675"},"modified":"2026-04-01T13:42:33","modified_gmt":"2026-04-01T11:42:33","slug":"geschaeftsstelle","status":"publish","type":"page","link":"https:\/\/www.previs.ch\/ueber-uns\/geschaeftsstelle\/","title":{"rendered":"Gesch\u00e4ftsstelle"},"content":{"rendered":"","protected":false},"excerpt":{"rendered":"","protected":false},"author":1,"featured_media":3534,"parent":856,"menu_order":0,"comment_status":"closed","ping_status":"closed","template":"","meta":{"_acf_changed":false,"footnotes":""},"class_list":["post-675","page","type-page","status-publish","has-post-thumbnail","hentry"],"yoast_head":"<!-- This site is optimized with the Yoast SEO plugin v27.3 - https:\/\/yoast.com\/product\/yoast-seo-wordpress\/ -->\n<title>Gesch\u00e4ftsstelle | Previs Vorsorge<\/title>\n<meta name=\"description\" content=\"Kontaktinformationen zur Gesch\u00e4ftsstelle der Previs. Wir stehen Ihnen f\u00fcr Ihre Anliegen zur Verf\u00fcgung.\" \/>\n<meta name=\"robots\" content=\"index, follow, max-snippet:-1, max-image-preview:large, max-video-preview:-1\" \/>\n<link rel=\"canonical\" href=\"https:\/\/www.previs.ch\/ueber-uns\/geschaeftsstelle\/\" \/>\n<meta property=\"og:locale\" content=\"de_DE\" \/>\n<meta property=\"og:type\" content=\"article\" \/>\n<meta property=\"og:title\" content=\"Gesch\u00e4ftsstelle | Previs Vorsorge\" \/>\n<meta property=\"og:description\" content=\"Kontaktinformationen zur Gesch\u00e4ftsstelle der Previs. Wir stehen Ihnen f\u00fcr Ihre Anliegen zur Verf\u00fcgung.\" \/>\n<meta property=\"og:url\" content=\"https:\/\/www.previs.ch\/ueber-uns\/geschaeftsstelle\/\" \/>\n<meta property=\"og:site_name\" content=\"Previs Vorsorge\" \/>\n<meta property=\"article:modified_time\" content=\"2026-04-01T11:42:33+00:00\" \/>\n<meta property=\"og:image\" content=\"https:\/\/www.previs.ch\/wp-content\/uploads\/2024\/09\/placeholder-herz.png\" \/>\n\t<meta property=\"og:image:width\" content=\"784\" \/>\n\t<meta property=\"og:image:height\" content=\"522\" \/>\n\t<meta property=\"og:image:type\" content=\"image\/png\" \/>\n<meta name=\"twitter:card\" content=\"summary_large_image\" \/>\n<meta name=\"twitter:label1\" content=\"Gesch\u00e4tzte Lesezeit\" \/>\n\t<meta name=\"twitter:data1\" content=\"2\u00a0Minuten\" \/>\n<script type=\"application\/ld+json\" class=\"yoast-schema-graph\">{\"@context\":\"https:\\\/\\\/schema.org\",\"@graph\":[{\"@type\":\"WebPage\",\"@id\":\"https:\\\/\\\/www.previs.ch\\\/ueber-uns\\\/geschaeftsstelle\\\/\",\"url\":\"https:\\\/\\\/www.previs.ch\\\/ueber-uns\\\/geschaeftsstelle\\\/\",\"name\":\"Gesch\u00e4ftsstelle | Previs Vorsorge\",\"isPartOf\":{\"@id\":\"https:\\\/\\\/www.previs.ch\\\/#website\"},\"primaryImageOfPage\":{\"@id\":\"https:\\\/\\\/www.previs.ch\\\/ueber-uns\\\/geschaeftsstelle\\\/#primaryimage\"},\"image\":{\"@id\":\"https:\\\/\\\/www.previs.ch\\\/ueber-uns\\\/geschaeftsstelle\\\/#primaryimage\"},\"thumbnailUrl\":\"https:\\\/\\\/www.previs.ch\\\/wp-content\\\/uploads\\\/2024\\\/09\\\/placeholder-herz.png\",\"datePublished\":\"2024-08-05T06:50:22+00:00\",\"dateModified\":\"2026-04-01T11:42:33+00:00\",\"description\":\"Kontaktinformationen zur Gesch\u00e4ftsstelle der Previs. Wir stehen Ihnen f\u00fcr Ihre Anliegen zur Verf\u00fcgung.\",\"breadcrumb\":{\"@id\":\"https:\\\/\\\/www.previs.ch\\\/ueber-uns\\\/geschaeftsstelle\\\/#breadcrumb\"},\"inLanguage\":\"de-CH\",\"potentialAction\":[{\"@type\":\"ReadAction\",\"target\":[\"https:\\\/\\\/www.previs.ch\\\/ueber-uns\\\/geschaeftsstelle\\\/\"]}]},{\"@type\":\"ImageObject\",\"inLanguage\":\"de-CH\",\"@id\":\"https:\\\/\\\/www.previs.ch\\\/ueber-uns\\\/geschaeftsstelle\\\/#primaryimage\",\"url\":\"https:\\\/\\\/www.previs.ch\\\/wp-content\\\/uploads\\\/2024\\\/09\\\/placeholder-herz.png\",\"contentUrl\":\"https:\\\/\\\/www.previs.ch\\\/wp-content\\\/uploads\\\/2024\\\/09\\\/placeholder-herz.png\",\"width\":784,\"height\":522,\"caption\":\"Platzhalter Herz\"},{\"@type\":\"BreadcrumbList\",\"@id\":\"https:\\\/\\\/www.previs.ch\\\/ueber-uns\\\/geschaeftsstelle\\\/#breadcrumb\",\"itemListElement\":[{\"@type\":\"ListItem\",\"position\":1,\"name\":\"Home\",\"item\":\"https:\\\/\\\/www.previs.ch\\\/\"},{\"@type\":\"ListItem\",\"position\":2,\"name\":\"\u00dcber uns\",\"item\":\"https:\\\/\\\/www.previs.ch\\\/ueber-uns\\\/\"},{\"@type\":\"ListItem\",\"position\":3,\"name\":\"Gesch\u00e4ftsstelle\"}]},{\"@type\":\"WebSite\",\"@id\":\"https:\\\/\\\/www.previs.ch\\\/#website\",\"url\":\"https:\\\/\\\/www.previs.ch\\\/\",\"name\":\"Previs Vorsorge\",\"description\":\"Wo Transparenz Vertrauen schafft\",\"publisher\":{\"@id\":\"https:\\\/\\\/www.previs.ch\\\/#organization\"},\"alternateName\":\"Previs\",\"potentialAction\":[{\"@type\":\"SearchAction\",\"target\":{\"@type\":\"EntryPoint\",\"urlTemplate\":\"https:\\\/\\\/www.previs.ch\\\/?s={search_term_string}\"},\"query-input\":{\"@type\":\"PropertyValueSpecification\",\"valueRequired\":true,\"valueName\":\"search_term_string\"}}],\"inLanguage\":\"de-CH\"},{\"@type\":\"Organization\",\"@id\":\"https:\\\/\\\/www.previs.ch\\\/#organization\",\"name\":\"Previs Vorsorge\",\"alternateName\":\"Previs\",\"url\":\"https:\\\/\\\/www.previs.ch\\\/\",\"logo\":{\"@type\":\"ImageObject\",\"inLanguage\":\"de-CH\",\"@id\":\"https:\\\/\\\/www.previs.ch\\\/#\\\/schema\\\/logo\\\/image\\\/\",\"url\":\"https:\\\/\\\/www.previs.ch\\\/wp-content\\\/uploads\\\/2024\\\/07\\\/cropped-previs-vorsorge-favicon.png\",\"contentUrl\":\"https:\\\/\\\/www.previs.ch\\\/wp-content\\\/uploads\\\/2024\\\/07\\\/cropped-previs-vorsorge-favicon.png\",\"width\":512,\"height\":512,\"caption\":\"Previs Vorsorge\"},\"image\":{\"@id\":\"https:\\\/\\\/www.previs.ch\\\/#\\\/schema\\\/logo\\\/image\\\/\"},\"sameAs\":[\"https:\\\/\\\/www.linkedin.com\\\/company\\\/previsvorsorge\\\/\"]}]}<\/script>\n<!-- \/ Yoast SEO plugin. -->","yoast_head_json":{"title":"Gesch\u00e4ftsstelle | Previs Vorsorge","description":"Kontaktinformationen zur Gesch\u00e4ftsstelle der Previs. Wir stehen Ihnen f\u00fcr Ihre Anliegen zur Verf\u00fcgung.","robots":{"index":"index","follow":"follow","max-snippet":"max-snippet:-1","max-image-preview":"max-image-preview:large","max-video-preview":"max-video-preview:-1"},"canonical":"https:\/\/www.previs.ch\/ueber-uns\/geschaeftsstelle\/","og_locale":"de_DE","og_type":"article","og_title":"Gesch\u00e4ftsstelle | Previs Vorsorge","og_description":"Kontaktinformationen zur Gesch\u00e4ftsstelle der Previs. Wir stehen Ihnen f\u00fcr Ihre Anliegen zur Verf\u00fcgung.","og_url":"https:\/\/www.previs.ch\/ueber-uns\/geschaeftsstelle\/","og_site_name":"Previs Vorsorge","article_modified_time":"2026-04-01T11:42:33+00:00","og_image":[{"width":784,"height":522,"url":"https:\/\/www.previs.ch\/wp-content\/uploads\/2024\/09\/placeholder-herz.png","type":"image\/png"}],"twitter_card":"summary_large_image","twitter_misc":{"Gesch\u00e4tzte Lesezeit":"2\u00a0Minuten"},"schema":{"@context":"https:\/\/schema.org","@graph":[{"@type":"WebPage","@id":"https:\/\/www.previs.ch\/ueber-uns\/geschaeftsstelle\/","url":"https:\/\/www.previs.ch\/ueber-uns\/geschaeftsstelle\/","name":"Gesch\u00e4ftsstelle | Previs Vorsorge","isPartOf":{"@id":"https:\/\/www.previs.ch\/#website"},"primaryImageOfPage":{"@id":"https:\/\/www.previs.ch\/ueber-uns\/geschaeftsstelle\/#primaryimage"},"image":{"@id":"https:\/\/www.previs.ch\/ueber-uns\/geschaeftsstelle\/#primaryimage"},"thumbnailUrl":"https:\/\/www.previs.ch\/wp-content\/uploads\/2024\/09\/placeholder-herz.png","datePublished":"2024-08-05T06:50:22+00:00","dateModified":"2026-04-01T11:42:33+00:00","description":"Kontaktinformationen zur Gesch\u00e4ftsstelle der Previs. Wir stehen Ihnen f\u00fcr Ihre Anliegen zur Verf\u00fcgung.","breadcrumb":{"@id":"https:\/\/www.previs.ch\/ueber-uns\/geschaeftsstelle\/#breadcrumb"},"inLanguage":"de-CH","potentialAction":[{"@type":"ReadAction","target":["https:\/\/www.previs.ch\/ueber-uns\/geschaeftsstelle\/"]}]},{"@type":"ImageObject","inLanguage":"de-CH","@id":"https:\/\/www.previs.ch\/ueber-uns\/geschaeftsstelle\/#primaryimage","url":"https:\/\/www.previs.ch\/wp-content\/uploads\/2024\/09\/placeholder-herz.png","contentUrl":"https:\/\/www.previs.ch\/wp-content\/uploads\/2024\/09\/placeholder-herz.png","width":784,"height":522,"caption":"Platzhalter Herz"},{"@type":"BreadcrumbList","@id":"https:\/\/www.previs.ch\/ueber-uns\/geschaeftsstelle\/#breadcrumb","itemListElement":[{"@type":"ListItem","position":1,"name":"Home","item":"https:\/\/www.previs.ch\/"},{"@type":"ListItem","position":2,"name":"\u00dcber uns","item":"https:\/\/www.previs.ch\/ueber-uns\/"},{"@type":"ListItem","position":3,"name":"Gesch\u00e4ftsstelle"}]},{"@type":"WebSite","@id":"https:\/\/www.previs.ch\/#website","url":"https:\/\/www.previs.ch\/","name":"Previs Vorsorge","description":"Wo Transparenz Vertrauen schafft","publisher":{"@id":"https:\/\/www.previs.ch\/#organization"},"alternateName":"Previs","potentialAction":[{"@type":"SearchAction","target":{"@type":"EntryPoint","urlTemplate":"https:\/\/www.previs.ch\/?s={search_term_string}"},"query-input":{"@type":"PropertyValueSpecification","valueRequired":true,"valueName":"search_term_string"}}],"inLanguage":"de-CH"},{"@type":"Organization","@id":"https:\/\/www.previs.ch\/#organization","name":"Previs Vorsorge","alternateName":"Previs","url":"https:\/\/www.previs.ch\/","logo":{"@type":"ImageObject","inLanguage":"de-CH","@id":"https:\/\/www.previs.ch\/#\/schema\/logo\/image\/","url":"https:\/\/www.previs.ch\/wp-content\/uploads\/2024\/07\/cropped-previs-vorsorge-favicon.png","contentUrl":"https:\/\/www.previs.ch\/wp-content\/uploads\/2024\/07\/cropped-previs-vorsorge-favicon.png","width":512,"height":512,"caption":"Previs Vorsorge"},"image":{"@id":"https:\/\/www.previs.ch\/#\/schema\/logo\/image\/"},"sameAs":["https:\/\/www.linkedin.com\/company\/previsvorsorge\/"]}]}},"acf":{"page_banner_options":{"banner_type":"simple"},"hero_options":{"image_desktop":null,"image_tablet":null,"image_mobile":null,"hero_title":"","hero_style":"hero-light","hero_bg_anchor":"center","brand_icon":"noicon"},"slider_options":{"options":{"bgcolor":"","slider_style":"slider-light","brand_icon":"noicon","autoplay":false,"timeout":5000,"pause":false},"slider":null},"image_options":{"options":{"bgcolor":"","flip":false},"details":{"title":"","description":"","buttons":null},"image":null},"simple_options":{"title":"Gesch\u00e4ftsstelle","title_type":"h1","color_title":"","bgcolor":"#fef1dc","description":"Wir arbeiten effizient und haben die Bed\u00fcrfnisse unserer Kundinnen und Kunden im Blick."},"sections":[{"acf_fc_layout":"section-flexible-content","status":false,"section_id":"","bgsection":"","padding":"top","add_toc":false,"content":[{"acf_fc_layout":"element-title","status":false,"element_id":"","title":"Operative Umsetzung","title_type":"h2"},{"acf_fc_layout":"element-text","status":false,"group":null,"text_size":"large","text":"Mit grossem Engagement betreuen rund 90 Mitarbeitende der Gesch\u00e4ftsstelle 1\u2019250 Arbeitgebende mit rund 45\u2019000 Versicherten und Rentenbeziehenden."},{"acf_fc_layout":"element-text","status":false,"group":null,"text_size":"normal","text":"Die Gesch\u00e4ftsstelle setzt die strategischen Entscheide des Stiftungsrats um. Dabei stehen die Bed\u00fcrfnisse unserer Kundinnen und Kunden und das Wohl der Destinat\u00e4rinnen und Destinat\u00e4re an erster Stelle.\r\n\r\nDie Gesch\u00e4ftsleitung stellt ein angemessenes Controlling und Reporting sicher. Die Aufgaben und Kompetenzen sind im Organisationsreglement geregelt.\r\n\r\nDie Previs ist Mitstifterin der Stiftung zur F\u00f6rderung der Eigenverantwortung in der beruflichen Vorsorge und wendet die Verhaltensregeln der ASIP-Charta an."},{"acf_fc_layout":"element-spacer","status":false,"group":null,"space_size":"xs"},{"acf_fc_layout":"element-filtered-list","status":false,"list":[{"text":"Stiftungsurkunde (PDF)","type":"pdfs","description":"","link":null,"anchor":"","url":"https:\/\/www.previs.ch\/wp-content\/uploads\/2024\/08\/Stiftungsurkunde.pdf"},{"text":"Reglemente","type":"external","description":"","link":null,"anchor":"","url":"https:\/\/previs.ch\/ueber-uns\/downloads\/?flist=filteredList1&fopt=vorsorge-fr-versicherte#filteredList1"}]}]},{"acf_fc_layout":"section-flexible-content","status":false,"section_id":"","bgsection":"","padding":"both","add_toc":false,"content":[{"acf_fc_layout":"element-title","status":false,"element_id":"","title":"Organigramm der Gesch\u00e4ftsstelle","title_type":"h3"},{"acf_fc_layout":"element-image","status":false,"image":15348,"activate_lightbox":false,"caption":""}]},{"acf_fc_layout":"section-cta","status":true,"section_id":"","bgsection":"#fef1dc","padding":"both","type":"cta-center","style":"cta-white","flip":false,"title":"Ein engagiertes Team","title_type":"h2","image":null,"video":"","media_type":"image","text":"Lernen Sie unsere rund 90 Mitarbeitenden kennen.","buttons":[{"text":"Zum Team ","type":"internal","style":"btn-primary","link":683,"anchor":"","url":""}]},{"acf_fc_layout":"section-cta","status":false,"section_id":"","bgsection":"","padding":"top","type":"cta-compact","style":"cta-blue","flip":false,"title":"Offene Stellen","title_type":"h2","image":"","video":"","media_type":"image","text":"M\u00f6chtest du Teil unseres Teams werden? Finde aktuelle Stellenausschreibungen und erfahre mehr \u00fcber die Previs als Arbeitgeberin.","buttons":[{"text":"Mehr erfahren","type":"internal","style":"btn-white","link":1327,"anchor":"","url":""}]},{"acf_fc_layout":"section-related-pages","status":false,"section_id":"","bgsection":"","padding":"both","title":"Das k\u00f6nnte Sie auch interessieren","title_type":"h2","text":"","pages":[{"page":708},{"page":690},{"page":980}]}]},"publishpress_future_action":{"enabled":false,"date":"2026-05-08 22:13:33","action":"change-status","newStatus":"draft","terms":[],"taxonomy":"translation_priority","extraData":[]},"publishpress_future_workflow_manual_trigger":{"enabledWorkflows":[]},"_links":{"self":[{"href":"https:\/\/www.previs.ch\/api\/wp\/v2\/pages\/675","targetHints":{"allow":["GET"]}}],"collection":[{"href":"https:\/\/www.previs.ch\/api\/wp\/v2\/pages"}],"about":[{"href":"https:\/\/www.previs.ch\/api\/wp\/v2\/types\/page"}],"author":[{"embeddable":true,"href":"https:\/\/www.previs.ch\/api\/wp\/v2\/users\/1"}],"replies":[{"embeddable":true,"href":"https:\/\/www.previs.ch\/api\/wp\/v2\/comments?post=675"}],"version-history":[{"count":41,"href":"https:\/\/www.previs.ch\/api\/wp\/v2\/pages\/675\/revisions"}],"predecessor-version":[{"id":15351,"href":"https:\/\/www.previs.ch\/api\/wp\/v2\/pages\/675\/revisions\/15351"}],"up":[{"embeddable":true,"href":"https:\/\/www.previs.ch\/api\/wp\/v2\/pages\/856"}],"wp:featuredmedia":[{"embeddable":true,"href":"https:\/\/www.previs.ch\/api\/wp\/v2\/media\/3534"}],"wp:attachment":[{"href":"https:\/\/www.previs.ch\/api\/wp\/v2\/media?parent=675"}],"curies":[{"name":"wp","href":"https:\/\/api.w.org\/{rel}","templated":true}]}}