{"id":4821,"date":"2024-09-06T08:40:54","date_gmt":"2024-09-06T06:40:54","guid":{"rendered":"https:\/\/previs.previewlink.ch\/mentions-legales\/"},"modified":"2025-05-12T14:42:11","modified_gmt":"2025-05-12T12:42:11","slug":"mentions-legales","status":"publish","type":"page","link":"https:\/\/www.previs.ch\/fr\/mentions-legales\/","title":{"rendered":"Mentions l\u00e9gales"},"content":{"rendered":"","protected":false},"excerpt":{"rendered":"","protected":false},"author":2,"featured_media":0,"parent":0,"menu_order":0,"comment_status":"closed","ping_status":"closed","template":"","meta":{"_acf_changed":false,"footnotes":""},"class_list":["post-4821","page","type-page","status-publish","hentry"],"yoast_head":"<!-- This site is optimized with the Yoast SEO plugin v27.3 - https:\/\/yoast.com\/product\/yoast-seo-wordpress\/ -->\n<title>Mentions l\u00e9gales | Previs Pr\u00e9voyance<\/title>\n<meta name=\"description\" content=\"Mentions l\u00e9gales et conditions d&#039;utilisation du site Previs. D\u00e9couvrez-en plus sur la protection des donn\u00e9es et la limitation de responsabilit\u00e9.\" \/>\n<meta name=\"robots\" content=\"index, follow, max-snippet:-1, max-image-preview:large, max-video-preview:-1\" \/>\n<link rel=\"canonical\" href=\"https:\/\/www.previs.ch\/fr\/mentions-legales\/\" \/>\n<meta property=\"og:locale\" content=\"fr_FR\" \/>\n<meta property=\"og:type\" content=\"article\" \/>\n<meta property=\"og:title\" content=\"Mentions l\u00e9gales | Previs Pr\u00e9voyance\" \/>\n<meta property=\"og:description\" content=\"Mentions l\u00e9gales et conditions d&#039;utilisation du site Previs. D\u00e9couvrez-en plus sur la protection des donn\u00e9es et la limitation de responsabilit\u00e9.\" \/>\n<meta property=\"og:url\" content=\"https:\/\/www.previs.ch\/fr\/mentions-legales\/\" \/>\n<meta property=\"og:site_name\" content=\"Previs Vorsorge\" \/>\n<meta property=\"article:modified_time\" content=\"2025-05-12T12:42:11+00:00\" \/>\n<meta property=\"og:image\" content=\"https:\/\/www.previs.ch\/wp-content\/uploads\/2024\/09\/vorsorge-home-m-scaled.jpg\" \/>\n\t<meta property=\"og:image:width\" content=\"2560\" \/>\n\t<meta property=\"og:image:height\" content=\"860\" \/>\n\t<meta property=\"og:image:type\" content=\"image\/jpeg\" \/>\n<meta name=\"twitter:card\" content=\"summary_large_image\" \/>\n<meta name=\"twitter:label1\" content=\"Dur\u00e9e de lecture estim\u00e9e\" \/>\n\t<meta name=\"twitter:data1\" content=\"1 minute\" \/>\n<script type=\"application\/ld+json\" class=\"yoast-schema-graph\">{\"@context\":\"https:\\\/\\\/schema.org\",\"@graph\":[{\"@type\":\"WebPage\",\"@id\":\"https:\\\/\\\/www.previs.ch\\\/fr\\\/mentions-legales\\\/\",\"url\":\"https:\\\/\\\/www.previs.ch\\\/fr\\\/mentions-legales\\\/\",\"name\":\"Mentions l\u00e9gales | Previs Pr\u00e9voyance\",\"isPartOf\":{\"@id\":\"https:\\\/\\\/www.previs.ch\\\/fr\\\/#website\"},\"datePublished\":\"2024-09-06T06:40:54+00:00\",\"dateModified\":\"2025-05-12T12:42:11+00:00\",\"description\":\"Mentions l\u00e9gales et conditions d'utilisation du site Previs. D\u00e9couvrez-en plus sur la protection des donn\u00e9es et la limitation de responsabilit\u00e9.\",\"breadcrumb\":{\"@id\":\"https:\\\/\\\/www.previs.ch\\\/fr\\\/mentions-legales\\\/#breadcrumb\"},\"inLanguage\":\"fr-FR\",\"potentialAction\":[{\"@type\":\"ReadAction\",\"target\":[\"https:\\\/\\\/www.previs.ch\\\/fr\\\/mentions-legales\\\/\"]}]},{\"@type\":\"BreadcrumbList\",\"@id\":\"https:\\\/\\\/www.previs.ch\\\/fr\\\/mentions-legales\\\/#breadcrumb\",\"itemListElement\":[{\"@type\":\"ListItem\",\"position\":1,\"name\":\"Home\",\"item\":\"https:\\\/\\\/www.previs.ch\\\/fr\\\/\"},{\"@type\":\"ListItem\",\"position\":2,\"name\":\"Mentions l\u00e9gales\"}]},{\"@type\":\"WebSite\",\"@id\":\"https:\\\/\\\/www.previs.ch\\\/fr\\\/#website\",\"url\":\"https:\\\/\\\/www.previs.ch\\\/fr\\\/\",\"name\":\"Previs Vorsorge\",\"description\":\"Quand la transparence est source de confiance\",\"publisher\":{\"@id\":\"https:\\\/\\\/www.previs.ch\\\/fr\\\/#organization\"},\"alternateName\":\"Previs\",\"potentialAction\":[{\"@type\":\"SearchAction\",\"target\":{\"@type\":\"EntryPoint\",\"urlTemplate\":\"https:\\\/\\\/www.previs.ch\\\/fr\\\/?s={search_term_string}\"},\"query-input\":{\"@type\":\"PropertyValueSpecification\",\"valueRequired\":true,\"valueName\":\"search_term_string\"}}],\"inLanguage\":\"fr-FR\"},{\"@type\":\"Organization\",\"@id\":\"https:\\\/\\\/www.previs.ch\\\/fr\\\/#organization\",\"name\":\"Previs Vorsorge\",\"alternateName\":\"Previs\",\"url\":\"https:\\\/\\\/www.previs.ch\\\/fr\\\/\",\"logo\":{\"@type\":\"ImageObject\",\"inLanguage\":\"fr-FR\",\"@id\":\"https:\\\/\\\/www.previs.ch\\\/fr\\\/#\\\/schema\\\/logo\\\/image\\\/\",\"url\":\"https:\\\/\\\/www.previs.ch\\\/wp-content\\\/uploads\\\/2024\\\/07\\\/cropped-previs-vorsorge-favicon.png\",\"contentUrl\":\"https:\\\/\\\/www.previs.ch\\\/wp-content\\\/uploads\\\/2024\\\/07\\\/cropped-previs-vorsorge-favicon.png\",\"width\":512,\"height\":512,\"caption\":\"Previs Vorsorge\"},\"image\":{\"@id\":\"https:\\\/\\\/www.previs.ch\\\/fr\\\/#\\\/schema\\\/logo\\\/image\\\/\"},\"sameAs\":[\"https:\\\/\\\/www.linkedin.com\\\/company\\\/previsvorsorge\\\/\"]}]}<\/script>\n<!-- \/ Yoast SEO plugin. -->","yoast_head_json":{"title":"Mentions l\u00e9gales | Previs Pr\u00e9voyance","description":"Mentions l\u00e9gales et conditions d'utilisation du site Previs. D\u00e9couvrez-en plus sur la protection des donn\u00e9es et la limitation de responsabilit\u00e9.","robots":{"index":"index","follow":"follow","max-snippet":"max-snippet:-1","max-image-preview":"max-image-preview:large","max-video-preview":"max-video-preview:-1"},"canonical":"https:\/\/www.previs.ch\/fr\/mentions-legales\/","og_locale":"fr_FR","og_type":"article","og_title":"Mentions l\u00e9gales | Previs Pr\u00e9voyance","og_description":"Mentions l\u00e9gales et conditions d'utilisation du site Previs. D\u00e9couvrez-en plus sur la protection des donn\u00e9es et la limitation de responsabilit\u00e9.","og_url":"https:\/\/www.previs.ch\/fr\/mentions-legales\/","og_site_name":"Previs Vorsorge","article_modified_time":"2025-05-12T12:42:11+00:00","og_image":[{"width":2560,"height":860,"url":"https:\/\/www.previs.ch\/wp-content\/uploads\/2024\/09\/vorsorge-home-m-scaled.jpg","type":"image\/jpeg"}],"twitter_card":"summary_large_image","twitter_misc":{"Dur\u00e9e de lecture estim\u00e9e":"1 minute"},"schema":{"@context":"https:\/\/schema.org","@graph":[{"@type":"WebPage","@id":"https:\/\/www.previs.ch\/fr\/mentions-legales\/","url":"https:\/\/www.previs.ch\/fr\/mentions-legales\/","name":"Mentions l\u00e9gales | Previs Pr\u00e9voyance","isPartOf":{"@id":"https:\/\/www.previs.ch\/fr\/#website"},"datePublished":"2024-09-06T06:40:54+00:00","dateModified":"2025-05-12T12:42:11+00:00","description":"Mentions l\u00e9gales et conditions d'utilisation du site Previs. D\u00e9couvrez-en plus sur la protection des donn\u00e9es et la limitation de responsabilit\u00e9.","breadcrumb":{"@id":"https:\/\/www.previs.ch\/fr\/mentions-legales\/#breadcrumb"},"inLanguage":"fr-FR","potentialAction":[{"@type":"ReadAction","target":["https:\/\/www.previs.ch\/fr\/mentions-legales\/"]}]},{"@type":"BreadcrumbList","@id":"https:\/\/www.previs.ch\/fr\/mentions-legales\/#breadcrumb","itemListElement":[{"@type":"ListItem","position":1,"name":"Home","item":"https:\/\/www.previs.ch\/fr\/"},{"@type":"ListItem","position":2,"name":"Mentions l\u00e9gales"}]},{"@type":"WebSite","@id":"https:\/\/www.previs.ch\/fr\/#website","url":"https:\/\/www.previs.ch\/fr\/","name":"Previs Vorsorge","description":"Quand la transparence est source de confiance","publisher":{"@id":"https:\/\/www.previs.ch\/fr\/#organization"},"alternateName":"Previs","potentialAction":[{"@type":"SearchAction","target":{"@type":"EntryPoint","urlTemplate":"https:\/\/www.previs.ch\/fr\/?s={search_term_string}"},"query-input":{"@type":"PropertyValueSpecification","valueRequired":true,"valueName":"search_term_string"}}],"inLanguage":"fr-FR"},{"@type":"Organization","@id":"https:\/\/www.previs.ch\/fr\/#organization","name":"Previs Vorsorge","alternateName":"Previs","url":"https:\/\/www.previs.ch\/fr\/","logo":{"@type":"ImageObject","inLanguage":"fr-FR","@id":"https:\/\/www.previs.ch\/fr\/#\/schema\/logo\/image\/","url":"https:\/\/www.previs.ch\/wp-content\/uploads\/2024\/07\/cropped-previs-vorsorge-favicon.png","contentUrl":"https:\/\/www.previs.ch\/wp-content\/uploads\/2024\/07\/cropped-previs-vorsorge-favicon.png","width":512,"height":512,"caption":"Previs Vorsorge"},"image":{"@id":"https:\/\/www.previs.ch\/fr\/#\/schema\/logo\/image\/"},"sameAs":["https:\/\/www.linkedin.com\/company\/previsvorsorge\/"]}]}},"acf":{"page_banner_options":{"banner_type":"simple"},"hero_options":{"image_desktop":null,"image_tablet":null,"image_mobile":null,"hero_title":"","hero_style":"hero-light","hero_bg_anchor":"center","brand_icon":"noicon"},"slider_options":{"options":{"bgcolor":"","slider_style":"slider-light","brand_icon":"noicon","autoplay":false,"timeout":5000,"pause":false},"slider":null},"image_options":{"options":{"bgcolor":"","flip":false},"details":{"title":"","description":"","buttons":null},"image":null},"simple_options":{"title":"Mentions l\u00e9gales","title_type":"h1","color_title":"","bgcolor":"#fef1dc","description":""},"sections":[{"acf_fc_layout":"section-flexible-content","status":false,"section_id":"","bgsection":"","padding":"both","add_toc":false,"content":[{"acf_fc_layout":"element-text","status":false,"group":null,"text_size":"normal","text":"<strong>Copyright \u00a9 2025 Previs Pr\u00e9voyance \u2013 Tous droits demeurent r\u00e9serv\u00e9s<\/strong>\r\nSauf mention contraire expresse, tous les textes, images ainsi que le concept, le design et les codes de programmes de l\u2019ensemble du site Internet sont prot\u00e9g\u00e9s par des droits d\u2019auteur: l\u2019utilisation de certains \u00e9l\u00e9ments du site n\u00e9cessite l\u2019accord \u00e9crit express de la Previs Pr\u00e9voyance.\r\nMalgr\u00e9 des contr\u00f4les approfondis, la Previs d\u00e9cline toute responsabilit\u00e9 concernant les contenus des liens externes. Seuls les g\u00e9rants de ces liens sont responsables du contenu des pages reli\u00e9es.\r\n\r\n<strong>Exclusion de la responsabilit\u00e9<\/strong>\r\nL\u2019utilisation du site Internet de la Previs Pr\u00e9voyance a lieu au risque de l\u2019utilisateur. La Previs n\u2019est pas responsable de la mise \u00e0 contribution des services ou de leur non-disponibilit\u00e9. Ceci est \u00e9galement applicable aux dommages indirects. Les adaptations de co\u00fbts et les erreurs contenues dans les descriptions de produits sont r\u00e9serv\u00e9es."}]}]},"publishpress_future_action":{"enabled":false,"date":"2026-05-05 17:04:20","action":"change-status","newStatus":"draft","terms":[],"taxonomy":"translation_priority","extraData":[]},"publishpress_future_workflow_manual_trigger":{"enabledWorkflows":[]},"_links":{"self":[{"href":"https:\/\/www.previs.ch\/fr\/api\/wp\/v2\/pages\/4821","targetHints":{"allow":["GET"]}}],"collection":[{"href":"https:\/\/www.previs.ch\/fr\/api\/wp\/v2\/pages"}],"about":[{"href":"https:\/\/www.previs.ch\/fr\/api\/wp\/v2\/types\/page"}],"author":[{"embeddable":true,"href":"https:\/\/www.previs.ch\/fr\/api\/wp\/v2\/users\/2"}],"replies":[{"embeddable":true,"href":"https:\/\/www.previs.ch\/fr\/api\/wp\/v2\/comments?post=4821"}],"version-history":[{"count":11,"href":"https:\/\/www.previs.ch\/fr\/api\/wp\/v2\/pages\/4821\/revisions"}],"predecessor-version":[{"id":12682,"href":"https:\/\/www.previs.ch\/fr\/api\/wp\/v2\/pages\/4821\/revisions\/12682"}],"wp:attachment":[{"href":"https:\/\/www.previs.ch\/fr\/api\/wp\/v2\/media?parent=4821"}],"curies":[{"name":"wp","href":"https:\/\/api.w.org\/{rel}","templated":true}]}}